{"id":17291,"date":"2025-03-28T11:27:26","date_gmt":"2025-03-28T11:27:26","guid":{"rendered":"https:\/\/www.pkf-attest.es\/tecnologia\/?post_type=novedades-itc&#038;p=17291"},"modified":"2025-03-28T11:33:42","modified_gmt":"2025-03-28T11:33:42","slug":"novedades-ley-crea-crece","status":"publish","type":"novedades-itc","link":"https:\/\/www.pkf-attest.es\/tecnologia\/novedades-itc\/novedades-ley-crea-crece\/","title":{"rendered":"Novedades sobre la Ley Crea y Crece (Ley 18\/2022)"},"content":{"rendered":"\n<div style=\"height:20px\" aria-hidden=\"true\" class=\"wp-block-spacer\"><\/div>\n\n\n\n<p class=\"has-text-color has-link-color wp-elements-003af3481a40e3eebaff6a54c8c4eb20\" style=\"color:#000000\">La Ley Crea y Crece (Ley 18\/2022), impulsa la modernizaci\u00f3n del entorno empresarial y busca optimizar la facturaci\u00f3n electr\u00f3nica y la digitalizaci\u00f3n de las operaciones comerciales, contin\u00faa avanzando con importantes novedades.<\/p>\n\n\n\n<p class=\"has-text-color has-link-color wp-elements-0c17b70388be6c76084b56dae84162f6\" style=\"color:#000000\">Recientemente, se ha publicado la segunda versi\u00f3n del borrador del Real Decreto que regular\u00e1 el desarrollo de la facturaci\u00f3n electr\u00f3nica en el \u00e1mbito B2B. Esta nueva regulaci\u00f3n tiene implicaciones significativas para las empresas, especialmente en lo que respecta a la adopci\u00f3n de nuevos formatos y la adaptaci\u00f3n de sus sistemas inform\u00e1ticos.<\/p>\n\n\n\n<div style=\"height:50px\" aria-hidden=\"true\" class=\"wp-block-spacer\"><\/div>\n\n\n\n<h2 class=\"wp-block-heading has-text-color has-link-color wp-elements-97c47e7c9428bc721a6ac81146c96b17\" id=\"h-como-afectaran-estas-novedades-a-tu-empresa\" style=\"color:#0f3780;font-size:24px\">\u00bfC\u00f3mo afectar\u00e1n estas novedades a tu empresa?<\/h2>\n\n\n\n<h3 class=\"wp-block-heading has-text-color has-link-color wp-elements-8b4a51c45bd224278f2476999a54b5e6\" id=\"h-novedades-de-la-ley-crea-y-crece\" style=\"color:#0fb4d4;font-size:18px\">Novedades de la Ley Crea y Crece <\/h3>\n\n\n\n<div style=\"height:10px\" aria-hidden=\"true\" class=\"wp-block-spacer\"><\/div>\n\n\n\n<p class=\"has-text-color has-link-color wp-elements-adf4165b5c3027485e5a84f65601c875\" style=\"color:#000000\"><strong>Cambios clave en la Facturaci\u00f3n Electr\u00f3nica B2B<\/strong><\/p>\n\n\n\n<p class=\"has-text-color has-link-color wp-elements-cef9baae634463a1e018058ead78b93e\" style=\"color:#000000\">Una de las novedades m\u00e1s destacadas es el cambio en el formato de facturaci\u00f3n. En la versi\u00f3n anterior del borrador, se hab\u00eda establecido el formato&nbsp;<strong>Facturae<\/strong>&nbsp;como la soluci\u00f3n est\u00e1ndar para la facturaci\u00f3n electr\u00f3nica p\u00fablica. Sin embargo, la nueva versi\u00f3n del reglamento abandona este formato y adopta el&nbsp;<strong>UBL (Universal Business Language)<\/strong>, aline\u00e1ndose con las directrices europeas del Reglamento ViDA (VAT in the Digital Age), armonizando la normativa fiscal en la UE. Este cambio de formato tiene implicaciones tanto para la interoperabilidad entre los sistemas nacionales y europeos como para la eficiencia en el procesamiento de facturas electr\u00f3nicas.<\/p>\n\n\n\n<p class=\"has-text-color has-link-color wp-elements-a78905fab2f676428c36bd63cd401b4d\" style=\"color:#000000\">El formato\u00a0<strong>UBL<\/strong>\u00a0facilitar\u00e1 una mejor integraci\u00f3n con los sistemas de facturaci\u00f3n europeos, permitiendo una gesti\u00f3n m\u00e1s eficiente y coherente de la informaci\u00f3n fiscal, beneficiando a las empresas que operan a nivel internacional o con proveedores y clientes de otros pa\u00edses de la UE.<\/p>\n\n\n\n<div style=\"height:10px\" aria-hidden=\"true\" class=\"wp-block-spacer\"><\/div>\n\n\n\n<p class=\"has-text-color has-link-color wp-elements-e9ec9f66697429ab74f634e85e2e4f0e\" style=\"color:#000000\"><strong>Plazos y planteamiento de la implementaci\u00f3n<\/strong><\/p>\n\n\n\n<p class=\"has-text-color has-link-color wp-elements-6e0508da6bd2d723384dde7761d4fde6\" style=\"color:#000000\">Otro aspecto relevante que se ha modificado es el calendario de entrada en vigor. En el borrador anterior, se indicaba que el plazo de entrada en vigor de la ley ser\u00eda de uno a dos a\u00f1os desde la publicaci\u00f3n del reglamento t\u00e9cnico. Sin embargo, con esta nueva actualizaci\u00f3n, el plazo de implementaci\u00f3n comenzar\u00e1 a contarse desde la\u00a0<strong>aprobaci\u00f3n de la Orden Ministerial de desarrollo<\/strong>,\u00a0<strong>y no desde el reglamento t\u00e9cnico<\/strong>, lo que podr\u00eda extender a\u00fan m\u00e1s el tiempo para que las empresas se adapten a los nuevos requerimientos.<\/p>\n\n\n\n<div style=\"height:10px\" aria-hidden=\"true\" class=\"wp-block-spacer\"><\/div>\n\n\n\n<p class=\"has-text-color has-link-color wp-elements-de2c9d72f72017cf330c62c06c9c4a52\" style=\"color:#000000\"><strong>Adaptaci\u00f3n de los sistemas ERP: Un paso fundamental<\/strong><\/p>\n\n\n\n<p class=\"has-text-color has-link-color wp-elements-61ea62ccde8a434d995be1267c5f808d\" style=\"color:#000000\">Uno de los puntos clave en la adaptaci\u00f3n a estas nuevas normativas es la&nbsp;<strong>adecuaci\u00f3n de los sistemas ERP.&nbsp;&nbsp;<\/strong>Son fundamentales en la gesti\u00f3n de los procesos administrativos y financieros de las empresas, y su capacidad para integrar y gestionar la facturaci\u00f3n electr\u00f3nica ser\u00e1 esencial para cumplir con las nuevas normativas.<\/p>\n\n\n\n<p class=\"has-text-color has-link-color wp-elements-8a228fd91a3d1f1318b9e4d5ccb872ab\" style=\"color:#000000\">Es fundamental que las empresas tomen medidas proactivas para garantizar que sus sistemas est\u00e9n alineados con las nuevas normativas, y que busquen el asesoramiento adecuado para asegurar una transici\u00f3n exitosa.<\/p>\n\n\n\n<p class=\"has-text-color has-link-color wp-elements-d387cee82dedd0a95e52b28f6d7eace1\" style=\"color:#000000\">En PKF Attest, entendemos los desaf\u00edos que enfrentan las empresas durante este periodo de transici\u00f3n y nos comprometemos a ofrecer apoyo completo. Nuestro equipo est\u00e1 disponible para asesorar y acompa\u00f1ar a nuestros clientes en la adaptaci\u00f3n de sus sistemas, ayud\u00e1ndoles a implementar soluciones de facturaci\u00f3n electr\u00f3nica que cumplan con los nuevos requisitos.<\/p>\n","protected":false},"featured_media":17292,"template":"","categories":[],"tags":[135,115,122,110,138,114,116],"novedades_itc":[],"class_list":{"0":"post-17291","1":"novedades-itc","2":"type-novedades-itc","3":"status-publish","4":"has-post-thumbnail","6":"tag-articulo","7":"tag-business_central","8":"tag-cegid_ekon_health","9":"tag-erp","10":"tag-home","11":"tag-sagex3","12":"tag-solmicro","13":"entry"},"acf":[],"yoast_head":"<!-- This site is optimized with the Yoast SEO Premium plugin v27.3 (Yoast SEO v27.3) - https:\/\/yoast.com\/product\/yoast-seo-premium-wordpress\/ -->\n<title>Novedades sobre la Ley Crea y Crece | ERPs | PKF Attest<\/title>\n<meta name=\"description\" content=\"Cambios clave en la Facturaci\u00f3n Electr\u00f3nica, Plazos y planteamiento de la implementaci\u00f3n, Adaptaci\u00f3n ERP | Descubre la Ley Crea Y Crece\" \/>\n<meta name=\"robots\" content=\"index, follow, max-snippet:-1, max-image-preview:large, max-video-preview:-1\" \/>\n<link rel=\"canonical\" href=\"https:\/\/www.pkf-attest.es\/tecnologia\/novedades-itc\/novedades-ley-crea-crece\/\" \/>\n<meta property=\"og:locale\" content=\"es_ES\" \/>\n<meta property=\"og:type\" content=\"article\" \/>\n<meta property=\"og:title\" content=\"Novedades sobre la Ley Crea y Crece (Ley 18\/2022)\" \/>\n<meta property=\"og:description\" content=\"Cambios clave en la Facturaci\u00f3n Electr\u00f3nica, Plazos y planteamiento de la implementaci\u00f3n, Adaptaci\u00f3n ERP | Descubre la Ley Crea Y Crece\" \/>\n<meta property=\"og:url\" content=\"https:\/\/www.pkf-attest.es\/tecnologia\/novedades-itc\/novedades-ley-crea-crece\/\" \/>\n<meta property=\"og:site_name\" content=\"PKF Attest Tecnologia\" \/>\n<meta property=\"article:modified_time\" content=\"2025-03-28T11:33:42+00:00\" \/>\n<meta property=\"og:image\" content=\"https:\/\/www.pkf-attest.es\/tecnologia\/wp-content\/uploads\/sites\/2\/2025\/03\/ley-crea-crece-erp-scaled.jpg\" \/>\n\t<meta property=\"og:image:width\" content=\"2560\" \/>\n\t<meta property=\"og:image:height\" content=\"1920\" \/>\n\t<meta property=\"og:image:type\" content=\"image\/jpeg\" \/>\n<meta name=\"twitter:card\" content=\"summary_large_image\" \/>\n<meta name=\"twitter:label1\" content=\"Tiempo de lectura\" \/>\n\t<meta name=\"twitter:data1\" content=\"3 minutos\" \/>\n<script type=\"application\/ld+json\" class=\"yoast-schema-graph\">{\"@context\":\"https:\\\/\\\/schema.org\",\"@graph\":[{\"@type\":\"WebPage\",\"@id\":\"https:\\\/\\\/www.pkf-attest.es\\\/tecnologia\\\/novedades-itc\\\/novedades-ley-crea-crece\\\/\",\"url\":\"https:\\\/\\\/www.pkf-attest.es\\\/tecnologia\\\/novedades-itc\\\/novedades-ley-crea-crece\\\/\",\"name\":\"Novedades sobre la Ley Crea y Crece | ERPs | PKF Attest\",\"isPartOf\":{\"@id\":\"https:\\\/\\\/www.pkf-attest.es\\\/tecnologia\\\/#website\"},\"primaryImageOfPage\":{\"@id\":\"https:\\\/\\\/www.pkf-attest.es\\\/tecnologia\\\/novedades-itc\\\/novedades-ley-crea-crece\\\/#primaryimage\"},\"image\":{\"@id\":\"https:\\\/\\\/www.pkf-attest.es\\\/tecnologia\\\/novedades-itc\\\/novedades-ley-crea-crece\\\/#primaryimage\"},\"thumbnailUrl\":\"https:\\\/\\\/www.pkf-attest.es\\\/tecnologia\\\/wp-content\\\/uploads\\\/sites\\\/2\\\/2025\\\/03\\\/ley-crea-crece-erp-scaled.jpg\",\"datePublished\":\"2025-03-28T11:27:26+00:00\",\"dateModified\":\"2025-03-28T11:33:42+00:00\",\"description\":\"Cambios clave en la Facturaci\u00f3n Electr\u00f3nica, Plazos y planteamiento de la implementaci\u00f3n, Adaptaci\u00f3n ERP | Descubre la Ley Crea Y Crece\",\"breadcrumb\":{\"@id\":\"https:\\\/\\\/www.pkf-attest.es\\\/tecnologia\\\/novedades-itc\\\/novedades-ley-crea-crece\\\/#breadcrumb\"},\"inLanguage\":\"es\",\"potentialAction\":[{\"@type\":\"ReadAction\",\"target\":[\"https:\\\/\\\/www.pkf-attest.es\\\/tecnologia\\\/novedades-itc\\\/novedades-ley-crea-crece\\\/\"]}]},{\"@type\":\"ImageObject\",\"inLanguage\":\"es\",\"@id\":\"https:\\\/\\\/www.pkf-attest.es\\\/tecnologia\\\/novedades-itc\\\/novedades-ley-crea-crece\\\/#primaryimage\",\"url\":\"https:\\\/\\\/www.pkf-attest.es\\\/tecnologia\\\/wp-content\\\/uploads\\\/sites\\\/2\\\/2025\\\/03\\\/ley-crea-crece-erp-scaled.jpg\",\"contentUrl\":\"https:\\\/\\\/www.pkf-attest.es\\\/tecnologia\\\/wp-content\\\/uploads\\\/sites\\\/2\\\/2025\\\/03\\\/ley-crea-crece-erp-scaled.jpg\",\"width\":2560,\"height\":1920,\"caption\":\"Novedades sobre la Ley Crea y Crece (Ley 18\\\/2022) y ERP\"},{\"@type\":\"BreadcrumbList\",\"@id\":\"https:\\\/\\\/www.pkf-attest.es\\\/tecnologia\\\/novedades-itc\\\/novedades-ley-crea-crece\\\/#breadcrumb\",\"itemListElement\":[{\"@type\":\"ListItem\",\"position\":1,\"name\":\"Portada\",\"item\":\"https:\\\/\\\/www.pkf-attest.es\\\/tecnologia\\\/\"},{\"@type\":\"ListItem\",\"position\":2,\"name\":\"Novedades sobre la Ley Crea y Crece (Ley 18\\\/2022)\"}]},{\"@type\":\"WebSite\",\"@id\":\"https:\\\/\\\/www.pkf-attest.es\\\/tecnologia\\\/#website\",\"url\":\"https:\\\/\\\/www.pkf-attest.es\\\/tecnologia\\\/\",\"name\":\"PKF Attest Tecnologia\",\"description\":\"PKF Attest Tecnologia\",\"publisher\":{\"@id\":\"https:\\\/\\\/www.pkf-attest.es\\\/tecnologia\\\/#organization\"},\"potentialAction\":[{\"@type\":\"SearchAction\",\"target\":{\"@type\":\"EntryPoint\",\"urlTemplate\":\"https:\\\/\\\/www.pkf-attest.es\\\/tecnologia\\\/?s={search_term_string}\"},\"query-input\":{\"@type\":\"PropertyValueSpecification\",\"valueRequired\":true,\"valueName\":\"search_term_string\"}}],\"inLanguage\":\"es\"},{\"@type\":\"Organization\",\"@id\":\"https:\\\/\\\/www.pkf-attest.es\\\/tecnologia\\\/#organization\",\"name\":\"PKF Attest Tecnologia\",\"url\":\"https:\\\/\\\/www.pkf-attest.es\\\/tecnologia\\\/\",\"logo\":{\"@type\":\"ImageObject\",\"inLanguage\":\"es\",\"@id\":\"https:\\\/\\\/www.pkf-attest.es\\\/tecnologia\\\/#\\\/schema\\\/logo\\\/image\\\/\",\"url\":\"https:\\\/\\\/www.pkf-attest.es\\\/tecnologia\\\/wp-content\\\/uploads\\\/sites\\\/2\\\/2023\\\/12\\\/Logotipo_PKF-Attest-675x675-1.jpg\",\"contentUrl\":\"https:\\\/\\\/www.pkf-attest.es\\\/tecnologia\\\/wp-content\\\/uploads\\\/sites\\\/2\\\/2023\\\/12\\\/Logotipo_PKF-Attest-675x675-1.jpg\",\"width\":675,\"height\":675,\"caption\":\"PKF Attest Tecnologia\"},\"image\":{\"@id\":\"https:\\\/\\\/www.pkf-attest.es\\\/tecnologia\\\/#\\\/schema\\\/logo\\\/image\\\/\"}}]}<\/script>\n<!-- \/ Yoast SEO Premium plugin. -->","yoast_head_json":{"title":"Novedades sobre la Ley Crea y Crece | ERPs | PKF Attest","description":"Cambios clave en la Facturaci\u00f3n Electr\u00f3nica, Plazos y planteamiento de la implementaci\u00f3n, Adaptaci\u00f3n ERP | Descubre la Ley Crea Y Crece","robots":{"index":"index","follow":"follow","max-snippet":"max-snippet:-1","max-image-preview":"max-image-preview:large","max-video-preview":"max-video-preview:-1"},"canonical":"https:\/\/www.pkf-attest.es\/tecnologia\/novedades-itc\/novedades-ley-crea-crece\/","og_locale":"es_ES","og_type":"article","og_title":"Novedades sobre la Ley Crea y Crece (Ley 18\/2022)","og_description":"Cambios clave en la Facturaci\u00f3n Electr\u00f3nica, Plazos y planteamiento de la implementaci\u00f3n, Adaptaci\u00f3n ERP | Descubre la Ley Crea Y Crece","og_url":"https:\/\/www.pkf-attest.es\/tecnologia\/novedades-itc\/novedades-ley-crea-crece\/","og_site_name":"PKF Attest Tecnologia","article_modified_time":"2025-03-28T11:33:42+00:00","og_image":[{"width":2560,"height":1920,"url":"https:\/\/www.pkf-attest.es\/tecnologia\/wp-content\/uploads\/sites\/2\/2025\/03\/ley-crea-crece-erp-scaled.jpg","type":"image\/jpeg"}],"twitter_card":"summary_large_image","twitter_misc":{"Tiempo de lectura":"3 minutos"},"schema":{"@context":"https:\/\/schema.org","@graph":[{"@type":"WebPage","@id":"https:\/\/www.pkf-attest.es\/tecnologia\/novedades-itc\/novedades-ley-crea-crece\/","url":"https:\/\/www.pkf-attest.es\/tecnologia\/novedades-itc\/novedades-ley-crea-crece\/","name":"Novedades sobre la Ley Crea y Crece | ERPs | PKF Attest","isPartOf":{"@id":"https:\/\/www.pkf-attest.es\/tecnologia\/#website"},"primaryImageOfPage":{"@id":"https:\/\/www.pkf-attest.es\/tecnologia\/novedades-itc\/novedades-ley-crea-crece\/#primaryimage"},"image":{"@id":"https:\/\/www.pkf-attest.es\/tecnologia\/novedades-itc\/novedades-ley-crea-crece\/#primaryimage"},"thumbnailUrl":"https:\/\/www.pkf-attest.es\/tecnologia\/wp-content\/uploads\/sites\/2\/2025\/03\/ley-crea-crece-erp-scaled.jpg","datePublished":"2025-03-28T11:27:26+00:00","dateModified":"2025-03-28T11:33:42+00:00","description":"Cambios clave en la Facturaci\u00f3n Electr\u00f3nica, Plazos y planteamiento de la implementaci\u00f3n, Adaptaci\u00f3n ERP | Descubre la Ley Crea Y Crece","breadcrumb":{"@id":"https:\/\/www.pkf-attest.es\/tecnologia\/novedades-itc\/novedades-ley-crea-crece\/#breadcrumb"},"inLanguage":"es","potentialAction":[{"@type":"ReadAction","target":["https:\/\/www.pkf-attest.es\/tecnologia\/novedades-itc\/novedades-ley-crea-crece\/"]}]},{"@type":"ImageObject","inLanguage":"es","@id":"https:\/\/www.pkf-attest.es\/tecnologia\/novedades-itc\/novedades-ley-crea-crece\/#primaryimage","url":"https:\/\/www.pkf-attest.es\/tecnologia\/wp-content\/uploads\/sites\/2\/2025\/03\/ley-crea-crece-erp-scaled.jpg","contentUrl":"https:\/\/www.pkf-attest.es\/tecnologia\/wp-content\/uploads\/sites\/2\/2025\/03\/ley-crea-crece-erp-scaled.jpg","width":2560,"height":1920,"caption":"Novedades sobre la Ley Crea y Crece (Ley 18\/2022) y ERP"},{"@type":"BreadcrumbList","@id":"https:\/\/www.pkf-attest.es\/tecnologia\/novedades-itc\/novedades-ley-crea-crece\/#breadcrumb","itemListElement":[{"@type":"ListItem","position":1,"name":"Portada","item":"https:\/\/www.pkf-attest.es\/tecnologia\/"},{"@type":"ListItem","position":2,"name":"Novedades sobre la Ley Crea y Crece (Ley 18\/2022)"}]},{"@type":"WebSite","@id":"https:\/\/www.pkf-attest.es\/tecnologia\/#website","url":"https:\/\/www.pkf-attest.es\/tecnologia\/","name":"PKF Attest Tecnologia","description":"PKF Attest Tecnologia","publisher":{"@id":"https:\/\/www.pkf-attest.es\/tecnologia\/#organization"},"potentialAction":[{"@type":"SearchAction","target":{"@type":"EntryPoint","urlTemplate":"https:\/\/www.pkf-attest.es\/tecnologia\/?s={search_term_string}"},"query-input":{"@type":"PropertyValueSpecification","valueRequired":true,"valueName":"search_term_string"}}],"inLanguage":"es"},{"@type":"Organization","@id":"https:\/\/www.pkf-attest.es\/tecnologia\/#organization","name":"PKF Attest Tecnologia","url":"https:\/\/www.pkf-attest.es\/tecnologia\/","logo":{"@type":"ImageObject","inLanguage":"es","@id":"https:\/\/www.pkf-attest.es\/tecnologia\/#\/schema\/logo\/image\/","url":"https:\/\/www.pkf-attest.es\/tecnologia\/wp-content\/uploads\/sites\/2\/2023\/12\/Logotipo_PKF-Attest-675x675-1.jpg","contentUrl":"https:\/\/www.pkf-attest.es\/tecnologia\/wp-content\/uploads\/sites\/2\/2023\/12\/Logotipo_PKF-Attest-675x675-1.jpg","width":675,"height":675,"caption":"PKF Attest Tecnologia"},"image":{"@id":"https:\/\/www.pkf-attest.es\/tecnologia\/#\/schema\/logo\/image\/"}}]}},"_links":{"self":[{"href":"https:\/\/www.pkf-attest.es\/tecnologia\/wp-json\/wp\/v2\/novedades-itc\/17291","targetHints":{"allow":["GET"]}}],"collection":[{"href":"https:\/\/www.pkf-attest.es\/tecnologia\/wp-json\/wp\/v2\/novedades-itc"}],"about":[{"href":"https:\/\/www.pkf-attest.es\/tecnologia\/wp-json\/wp\/v2\/types\/novedades-itc"}],"wp:featuredmedia":[{"embeddable":true,"href":"https:\/\/www.pkf-attest.es\/tecnologia\/wp-json\/wp\/v2\/media\/17292"}],"wp:attachment":[{"href":"https:\/\/www.pkf-attest.es\/tecnologia\/wp-json\/wp\/v2\/media?parent=17291"}],"wp:term":[{"taxonomy":"category","embeddable":true,"href":"https:\/\/www.pkf-attest.es\/tecnologia\/wp-json\/wp\/v2\/categories?post=17291"},{"taxonomy":"post_tag","embeddable":true,"href":"https:\/\/www.pkf-attest.es\/tecnologia\/wp-json\/wp\/v2\/tags?post=17291"},{"taxonomy":"novedades_itc","embeddable":true,"href":"https:\/\/www.pkf-attest.es\/tecnologia\/wp-json\/wp\/v2\/novedades_itc?post=17291"}],"curies":[{"name":"wp","href":"https:\/\/api.w.org\/{rel}","templated":true}]}}