{"id":17845,"date":"2025-04-09T14:06:53","date_gmt":"2025-04-09T14:06:53","guid":{"rendered":"https:\/\/www.pkf-attest.es\/tecnologia\/?post_type=novedades-itc&#038;p=17845"},"modified":"2025-07-02T07:48:49","modified_gmt":"2025-07-02T07:48:49","slug":"control-horario-nueva-ley-y-herramientas-aplicarla","status":"publish","type":"novedades-itc","link":"https:\/\/www.pkf-attest.es\/tecnologia\/novedades-itc\/control-horario-nueva-ley-y-herramientas-aplicarla\/","title":{"rendered":"Control y registro horario de trabajadores: Nueva ley y herramienta para aplicarla"},"content":{"rendered":"\n<p><em>El control horario, regulado por el Real Decreto-Ley 8\/2019, establece el <strong>registro obligatorio de la jornada laboral<\/strong> en todas las empresas.<\/em><\/p>\n\n\n\n<div style=\"height:20px\" aria-hidden=\"true\" class=\"wp-block-spacer\"><\/div>\n\n\n\n<h2 class=\"wp-block-heading has-text-color has-link-color wp-elements-3b45977031df37f4d6bc9f25b9bdfdaf\" id=\"h-que-es-el-control-horario-y-porque-es-obligatorio\" style=\"color:#0f3780;font-size:24px\">\u00bfQu\u00e9 es el control horario y porqu\u00e9 es obligatorio?<\/h2>\n\n\n\n<p>El control horario registra y contabiliza las horas trabajadas por cada empleado a lo largo de su jornada. Horas de entrada, salida y cualquier pausa o ausencia durante la jornada laboral de cada trabajador, incluyendo horas ordinarias y extraordinarias, as\u00ed como vacaciones, bajas, peticiones concretas. El objetivo de este registro horario es evitar abusos, fomentar la conciliaci\u00f3n laboral y familiar y asegurar el cumplimiento de la normativa sobre horario de los trabajadores.<\/p>\n\n\n\n<h3 class=\"wp-block-heading has-text-color has-link-color wp-elements-267794991f442868e46fad95a23db47c\" id=\"h-cuando-entra-en-vigor-esta-normativa-de-registro-horario\" style=\"color:#0f3780\">\u00bfCu\u00e1ndo entra en vigor esta normativa de registro horario?<\/h3>\n\n\n\n<p>La nueva normativa de registro horario en Espa\u00f1a entrar\u00e1 en vigor\u00a0<strong>a lo largo de 2025<\/strong>, aunque a\u00fan no se ha publicado la fecha definitiva en el Bolet\u00edn Oficial del Estado (BOE).\u00a0Se espera que esta normativa, que incluye la obligaci\u00f3n de un registro horario digital, entre en vigor antes del verano de 2025, con un periodo de adaptaci\u00f3n para las empresas.\u00a0<\/p>\n\n\n\n<p>En Espa\u00f1a, el registro horario es obligatorio desde\u00a0<strong>mayo de 2019<\/strong>. En todas las empresas, independientemente del tama\u00f1o y del sector, y para todos los trabajadores. S\u00f3lo existen excepciones en este control de horario.<\/p>\n\n\n\n<h3 class=\"wp-block-heading has-text-color has-link-color wp-elements-9463f6a76aa677ab7b532ebf915fdca8\" id=\"h-ahora-bien-que-marca-la-ley-sobre-el-control-de-horario-laboral\" style=\"color:#0f3780;font-size:16px\">Ahora bien, \u00bfQu\u00e9 marca la Ley sobre el control de horario laboral?<\/h3>\n\n\n\n<p class=\"has-text-color has-link-color wp-elements-2e3069d03e3b91a536dbf4c6db5e75fe\" style=\"color:#000000\"><strong>1. Registro de la jornada laboral obligatorio<\/strong>: Independientemente del sector o tama\u00f1o de la empresa, es obligatorio registrar el horario de los trabajadores. Esto aplica tanto para jornadas completas como parciales, trabajos presenciales o teletrabajo.<\/p>\n\n\n\n<p class=\"has-text-color has-link-color wp-elements-32bf4d0c99f4e08d13c3ca55abe5c1d3\" style=\"color:#000000\"><strong>2. Conservaci\u00f3n del registro de 4 a\u00f1os<\/strong>: La empresa debe guardar los registros de horas trabajadas durante al menos cuatro a\u00f1os, y estar disponible ante cualquier inspecci\u00f3n de trabajo.<\/p>\n\n\n\n<p class=\"has-text-color has-link-color wp-elements-9bc1ed0edffa8da1c4bd6fe43895fc18\" style=\"color:#000000\"><strong>3. Acceso para empleados y sindicatos<\/strong>: Todos los trabajadores tienen derecho a revisar las horas de trabajo y las horas extra realizadas para verificar el cumplimiento y garantizar que no se infringen sus derechos.<\/p>\n\n\n\n<p class=\"has-text-color has-link-color wp-elements-73ffedf7a7942bcc0e46736eb47a847d\" style=\"color:#000000\"><strong>4. Transparencia de la jornada laboral<\/strong>: La empresa debe informar claramente sobre el horario laboral, los descansos, y la distribuci\u00f3n de la jornada, asegurando que los trabajadores conozcan sus derechos.<\/p>\n\n\n\n<p class=\"has-text-color has-link-color wp-elements-03640cf04b29e2fd899ce787d8c836d6\" style=\"color:#000000\"><strong>5. Informaci\u00f3n de las horas extras<\/strong>: Las empresas deben comunicar mensualmente a los sindicatos las horas extras realizadas, garantizando una correcta supervisi\u00f3n del tiempo de trabajo.<\/p>\n\n\n\n<div style=\"height:40px\" aria-hidden=\"true\" class=\"wp-block-spacer\"><\/div>\n\n\n\n<div class=\"wp-block-genesis-blocks-gb-columns gb-layout-columns-1 one-column gb-has-custom-background-color\" style=\"padding-top:40px;padding-right:10px;padding-bottom:40px;padding-left:10px;background-color:#f8f8f8\"><div class=\"gb-layout-column-wrap gb-block-layout-column-gap-2 gb-is-responsive-column\">\n<div class=\"wp-block-genesis-blocks-gb-column gb-block-layout-column\"><div class=\"gb-block-layout-column-inner\" style=\"padding-top:10px;padding-bottom:10px\">\n<h2 class=\"wp-block-heading has-text-color has-link-color wp-elements-34f446344d5bfdc3d0ecd7c298952b23\" id=\"h-nueva-normativa-de-la-ley-del-registro-horario-actualizacion-2025\" style=\"color:#0f3780;font-size:24px\"><strong>Nueva normativa de la ley del registro horario<\/strong> (Actualizaci\u00f3n 2025)<\/h2>\n\n\n\n<p class=\"has-text-color has-link-color wp-elements-f6351e91c55ca7aba0e38ba5dc519622\" style=\"color:#000000\">La normativa ha avanzado para adaptarse a alas&nbsp; nuevas modalidades como el teletrabajo, el trabajo flexible o la reducci\u00f3n de jornada a 37,5 horas semanales en Espa\u00f1a. Aunque el Real Decreto 8\/2019 establece la base del control horario, se han reforzado ciertas obligaciones:<\/p>\n\n\n\n<p class=\"has-text-color has-link-color wp-elements-75304485718e5738d6c26f300baf8513\" style=\"color:#000000\">&#8211; Las empresas deben registrar el inicio y fin de la jornada diaria de cada trabajador, incluso en contextos de trabajo remoto.<\/p>\n\n\n\n<p class=\"has-text-color has-link-color wp-elements-0e4a4e756f3b42b0cbd361513d9e2708\" style=\"color:#000000\">&#8211; La flexibilidad horaria no exime del cumplimiento del registro de jornada.<\/p>\n\n\n\n<p class=\"has-text-color has-link-color wp-elements-6ab15e5ad27390bc26b476b93e323211\" style=\"color:#000000\">&#8211; Inspecciones frecuentes, lo que puede derivar en sanciones econ\u00f3micas importantes por el incumplimiento.<\/p>\n\n\n\n<div style=\"height:20px\" aria-hidden=\"true\" class=\"wp-block-spacer\"><\/div>\n\n\n\n<h3 class=\"wp-block-heading has-text-color has-link-color wp-elements-b79ec636b5e2db76ea9098842e21b250\" id=\"h-quienes-estan-exentos-de-la-ley-de-control-horario\" style=\"color:#0f3780;font-size:20px\">\u00bfQui\u00e9nes est\u00e1n exentos de la ley de control horario?<\/h3>\n\n\n\n<p class=\"has-text-color has-link-color wp-elements-f1cfa381dc4ee1aa86ab5f94008a08f0\" style=\"color:#000000\">Los profesionales exentos de la ley se dividen en tres grupos principales: 1<strong>.Relaciones laborales especiales<\/strong> (alta direcci\u00f3n, empleados del hogar, artistas, deportistas, etc.), 2. <strong>Trabajadores con reg\u00edmenes espec\u00edficos<\/strong>. 3.<strong> Aut\u00f3nomos y socios de cooperativas<\/strong>.<\/p>\n<\/div><\/div>\n<\/div><\/div>\n\n\n\n<div style=\"height:40px\" aria-hidden=\"true\" class=\"wp-block-spacer\"><\/div>\n\n\n\n<h2 class=\"wp-block-heading has-text-color has-link-color wp-elements-e6951dc4a96c84046d1db45c3a4b54d7\" id=\"h-como-implementar-el-control-horario-en-tu-empresa\" style=\"color:#0f3780;font-size:24px\">\u00bfC\u00f3mo implementar el control horario en tu empresa?<\/h2>\n\n\n\n<p class=\"has-text-color has-link-color wp-elements-6205e0b7efb45f75a6169a3d1602ce93\" style=\"color:#000000\">Si a\u00fan no has implementado un sistema de <strong>registro horario de trabajadores<\/strong>, tienes dos opciones:<\/p>\n\n\n\n<p class=\"has-text-color has-link-color wp-elements-81a311391fb941e955a25018280fad01\" style=\"color:#000000\"><strong>1. Plantillas manuales (como Excel)<\/strong><\/p>\n\n\n\n<p class=\"has-text-color has-link-color wp-elements-31319e6907a2ecc5943e493e8d14a39a\" style=\"color:#000000\">Una opci\u00f3n b\u00e1sica, pero limitada. Requiere tiempo y puede generar errores o incumplimientos sin querer.<\/p>\n\n\n\n<p class=\"has-text-color has-link-color wp-elements-93b312d7d67733338957f443071da149\" style=\"color:#000000\"><strong>2. Software de control horario<\/strong><\/p>\n\n\n\n<p class=\"has-text-color has-link-color wp-elements-85d5bd4b2068e58c324d725ae8b185d3\" style=\"color:#000000\">Una opci\u00f3n eficaz es recurrir a herramientas como <strong>Factorial<\/strong> permiten digitalizar el control horario de forma sencilla, cumpliendo con la ley y generando informes v\u00e1lidos para inspecciones. No solo limitadas al registro de horas de los trabajadores, tambi\u00e9n permiten registrar horas de entrada y salida autom\u00e1ticamente, controlar las horas extra y ausencias, gestionar fichajes desde el m\u00f3vil o PC, generar informes con validez legal en segundos. <\/p>\n\n\n\n<div class=\"wp-block-genesis-blocks-gb-columns gb-layout-columns-2 gb-2-col-wideleft gb-has-custom-background-color gb-columns-center\" style=\"padding-top:20px;padding-right:10px;padding-bottom:9px;padding-left:10px;background-color:#0f3780\"><div class=\"gb-layout-column-wrap gb-block-layout-column-gap-0 gb-is-responsive-column\" style=\"max-width:1200px\">\n<div class=\"wp-block-genesis-blocks-gb-column gb-block-layout-column\"><div class=\"gb-block-layout-column-inner\">\n<h4 class=\"wp-block-heading has-text-color has-link-color wp-elements-8ecc0b5e2a2a637d97ede504861dc6a4\" id=\"h-quieres-digitalizar-el-control-horario-de-tu-empresa\" style=\"color:#ffffff\"><strong>\u00bfQuieres digitalizar el control horario de tu empresa?<\/strong><\/h4>\n\n\n\n<h4 class=\"wp-block-heading has-text-color has-link-color wp-elements-906cfafdc77f91906a292a6accbdb51f\" id=\"h-escribenos-y-descubre-como-empezar-sin-complicaciones\" style=\"color:#ffffff\"><br>Escr\u00edbenos y descubre c\u00f3mo empezar sin complicaciones.<\/h4>\n<\/div><\/div>\n\n\n\n<div class=\"wp-block-genesis-blocks-gb-column gb-block-layout-column\"><div class=\"gb-block-layout-column-inner\">\n<div style=\"height:10px\" aria-hidden=\"true\" class=\"wp-block-spacer\"><\/div>\n\n\n\n<div class=\"wp-block-buttons is-layout-flex wp-block-buttons-is-layout-flex\">\n<div class=\"wp-block-button\"><a class=\"wp-block-button__link wp-element-button\" href=\"https:\/\/www.pkf-attest.es\/tecnologia\/factorial\/\">Contactar con un experto<\/a><\/div>\n<\/div>\n<\/div><\/div>\n<\/div><\/div>\n","protected":false},"featured_media":17747,"template":"","categories":[],"tags":[135,162],"novedades_itc":[],"class_list":{"0":"post-17845","1":"novedades-itc","2":"type-novedades-itc","3":"status-publish","4":"has-post-thumbnail","6":"tag-articulo","7":"tag-factorial","8":"entry"},"acf":[],"yoast_head":"<!-- This site is optimized with the Yoast SEO Premium plugin v27.3 (Yoast SEO v27.3) - https:\/\/yoast.com\/product\/yoast-seo-premium-wordpress\/ -->\n<title>Registro horario de trabajadores: normativa y apps para aplicarla<\/title>\n<meta name=\"description\" content=\"El control horario es obligatorio para todas las empresas. Aprende c\u00f3mo registrar la jornada laboral de tus empleados correctamente con Factorial.\" \/>\n<meta name=\"robots\" content=\"index, follow, max-snippet:-1, max-image-preview:large, max-video-preview:-1\" \/>\n<link rel=\"canonical\" href=\"https:\/\/www.pkf-attest.es\/tecnologia\/novedades-itc\/control-horario-nueva-ley-y-herramientas-aplicarla\/\" \/>\n<meta property=\"og:locale\" content=\"es_ES\" \/>\n<meta property=\"og:type\" content=\"article\" \/>\n<meta property=\"og:title\" content=\"Control y registro horario de trabajadores: Nueva ley y herramienta para aplicarla\" \/>\n<meta property=\"og:description\" content=\"El control horario es obligatorio para todas las empresas. Aprende c\u00f3mo registrar la jornada laboral de tus empleados correctamente con Factorial.\" \/>\n<meta property=\"og:url\" content=\"https:\/\/www.pkf-attest.es\/tecnologia\/novedades-itc\/control-horario-nueva-ley-y-herramientas-aplicarla\/\" \/>\n<meta property=\"og:site_name\" content=\"PKF Attest Tecnologia\" \/>\n<meta property=\"article:modified_time\" content=\"2025-07-02T07:48:49+00:00\" \/>\n<meta property=\"og:image\" content=\"https:\/\/www.pkf-attest.es\/tecnologia\/wp-content\/uploads\/sites\/2\/2025\/04\/Group-150-9-1.png\" \/>\n\t<meta property=\"og:image:width\" content=\"980\" \/>\n\t<meta property=\"og:image:height\" content=\"623\" \/>\n\t<meta property=\"og:image:type\" content=\"image\/png\" \/>\n<meta name=\"twitter:card\" content=\"summary_large_image\" \/>\n<meta name=\"twitter:label1\" content=\"Tiempo de lectura\" \/>\n\t<meta name=\"twitter:data1\" content=\"4 minutos\" \/>\n<script type=\"application\/ld+json\" class=\"yoast-schema-graph\">{\"@context\":\"https:\\\/\\\/schema.org\",\"@graph\":[{\"@type\":\"WebPage\",\"@id\":\"https:\\\/\\\/www.pkf-attest.es\\\/tecnologia\\\/novedades-itc\\\/control-horario-nueva-ley-y-herramientas-aplicarla\\\/\",\"url\":\"https:\\\/\\\/www.pkf-attest.es\\\/tecnologia\\\/novedades-itc\\\/control-horario-nueva-ley-y-herramientas-aplicarla\\\/\",\"name\":\"Registro horario de trabajadores: normativa y apps para aplicarla\",\"isPartOf\":{\"@id\":\"https:\\\/\\\/www.pkf-attest.es\\\/tecnologia\\\/#website\"},\"primaryImageOfPage\":{\"@id\":\"https:\\\/\\\/www.pkf-attest.es\\\/tecnologia\\\/novedades-itc\\\/control-horario-nueva-ley-y-herramientas-aplicarla\\\/#primaryimage\"},\"image\":{\"@id\":\"https:\\\/\\\/www.pkf-attest.es\\\/tecnologia\\\/novedades-itc\\\/control-horario-nueva-ley-y-herramientas-aplicarla\\\/#primaryimage\"},\"thumbnailUrl\":\"https:\\\/\\\/www.pkf-attest.es\\\/tecnologia\\\/wp-content\\\/uploads\\\/sites\\\/2\\\/2025\\\/04\\\/Group-150-9-1.png\",\"datePublished\":\"2025-04-09T14:06:53+00:00\",\"dateModified\":\"2025-07-02T07:48:49+00:00\",\"description\":\"El control horario es obligatorio para todas las empresas. Aprende c\u00f3mo registrar la jornada laboral de tus empleados correctamente con Factorial.\",\"breadcrumb\":{\"@id\":\"https:\\\/\\\/www.pkf-attest.es\\\/tecnologia\\\/novedades-itc\\\/control-horario-nueva-ley-y-herramientas-aplicarla\\\/#breadcrumb\"},\"inLanguage\":\"es\",\"potentialAction\":[{\"@type\":\"ReadAction\",\"target\":[\"https:\\\/\\\/www.pkf-attest.es\\\/tecnologia\\\/novedades-itc\\\/control-horario-nueva-ley-y-herramientas-aplicarla\\\/\"]}]},{\"@type\":\"ImageObject\",\"inLanguage\":\"es\",\"@id\":\"https:\\\/\\\/www.pkf-attest.es\\\/tecnologia\\\/novedades-itc\\\/control-horario-nueva-ley-y-herramientas-aplicarla\\\/#primaryimage\",\"url\":\"https:\\\/\\\/www.pkf-attest.es\\\/tecnologia\\\/wp-content\\\/uploads\\\/sites\\\/2\\\/2025\\\/04\\\/Group-150-9-1.png\",\"contentUrl\":\"https:\\\/\\\/www.pkf-attest.es\\\/tecnologia\\\/wp-content\\\/uploads\\\/sites\\\/2\\\/2025\\\/04\\\/Group-150-9-1.png\",\"width\":980,\"height\":623},{\"@type\":\"BreadcrumbList\",\"@id\":\"https:\\\/\\\/www.pkf-attest.es\\\/tecnologia\\\/novedades-itc\\\/control-horario-nueva-ley-y-herramientas-aplicarla\\\/#breadcrumb\",\"itemListElement\":[{\"@type\":\"ListItem\",\"position\":1,\"name\":\"Portada\",\"item\":\"https:\\\/\\\/www.pkf-attest.es\\\/tecnologia\\\/\"},{\"@type\":\"ListItem\",\"position\":2,\"name\":\"Control y registro horario de trabajadores: Nueva ley y herramienta para aplicarla\"}]},{\"@type\":\"WebSite\",\"@id\":\"https:\\\/\\\/www.pkf-attest.es\\\/tecnologia\\\/#website\",\"url\":\"https:\\\/\\\/www.pkf-attest.es\\\/tecnologia\\\/\",\"name\":\"PKF Attest Tecnologia\",\"description\":\"PKF Attest Tecnologia\",\"publisher\":{\"@id\":\"https:\\\/\\\/www.pkf-attest.es\\\/tecnologia\\\/#organization\"},\"potentialAction\":[{\"@type\":\"SearchAction\",\"target\":{\"@type\":\"EntryPoint\",\"urlTemplate\":\"https:\\\/\\\/www.pkf-attest.es\\\/tecnologia\\\/?s={search_term_string}\"},\"query-input\":{\"@type\":\"PropertyValueSpecification\",\"valueRequired\":true,\"valueName\":\"search_term_string\"}}],\"inLanguage\":\"es\"},{\"@type\":\"Organization\",\"@id\":\"https:\\\/\\\/www.pkf-attest.es\\\/tecnologia\\\/#organization\",\"name\":\"PKF Attest Tecnologia\",\"url\":\"https:\\\/\\\/www.pkf-attest.es\\\/tecnologia\\\/\",\"logo\":{\"@type\":\"ImageObject\",\"inLanguage\":\"es\",\"@id\":\"https:\\\/\\\/www.pkf-attest.es\\\/tecnologia\\\/#\\\/schema\\\/logo\\\/image\\\/\",\"url\":\"https:\\\/\\\/www.pkf-attest.es\\\/tecnologia\\\/wp-content\\\/uploads\\\/sites\\\/2\\\/2023\\\/12\\\/Logotipo_PKF-Attest-675x675-1.jpg\",\"contentUrl\":\"https:\\\/\\\/www.pkf-attest.es\\\/tecnologia\\\/wp-content\\\/uploads\\\/sites\\\/2\\\/2023\\\/12\\\/Logotipo_PKF-Attest-675x675-1.jpg\",\"width\":675,\"height\":675,\"caption\":\"PKF Attest Tecnologia\"},\"image\":{\"@id\":\"https:\\\/\\\/www.pkf-attest.es\\\/tecnologia\\\/#\\\/schema\\\/logo\\\/image\\\/\"}}]}<\/script>\n<!-- \/ Yoast SEO Premium plugin. -->","yoast_head_json":{"title":"Registro horario de trabajadores: normativa y apps para aplicarla","description":"El control horario es obligatorio para todas las empresas. Aprende c\u00f3mo registrar la jornada laboral de tus empleados correctamente con Factorial.","robots":{"index":"index","follow":"follow","max-snippet":"max-snippet:-1","max-image-preview":"max-image-preview:large","max-video-preview":"max-video-preview:-1"},"canonical":"https:\/\/www.pkf-attest.es\/tecnologia\/novedades-itc\/control-horario-nueva-ley-y-herramientas-aplicarla\/","og_locale":"es_ES","og_type":"article","og_title":"Control y registro horario de trabajadores: Nueva ley y herramienta para aplicarla","og_description":"El control horario es obligatorio para todas las empresas. Aprende c\u00f3mo registrar la jornada laboral de tus empleados correctamente con Factorial.","og_url":"https:\/\/www.pkf-attest.es\/tecnologia\/novedades-itc\/control-horario-nueva-ley-y-herramientas-aplicarla\/","og_site_name":"PKF Attest Tecnologia","article_modified_time":"2025-07-02T07:48:49+00:00","og_image":[{"width":980,"height":623,"url":"https:\/\/www.pkf-attest.es\/tecnologia\/wp-content\/uploads\/sites\/2\/2025\/04\/Group-150-9-1.png","type":"image\/png"}],"twitter_card":"summary_large_image","twitter_misc":{"Tiempo de lectura":"4 minutos"},"schema":{"@context":"https:\/\/schema.org","@graph":[{"@type":"WebPage","@id":"https:\/\/www.pkf-attest.es\/tecnologia\/novedades-itc\/control-horario-nueva-ley-y-herramientas-aplicarla\/","url":"https:\/\/www.pkf-attest.es\/tecnologia\/novedades-itc\/control-horario-nueva-ley-y-herramientas-aplicarla\/","name":"Registro horario de trabajadores: normativa y apps para aplicarla","isPartOf":{"@id":"https:\/\/www.pkf-attest.es\/tecnologia\/#website"},"primaryImageOfPage":{"@id":"https:\/\/www.pkf-attest.es\/tecnologia\/novedades-itc\/control-horario-nueva-ley-y-herramientas-aplicarla\/#primaryimage"},"image":{"@id":"https:\/\/www.pkf-attest.es\/tecnologia\/novedades-itc\/control-horario-nueva-ley-y-herramientas-aplicarla\/#primaryimage"},"thumbnailUrl":"https:\/\/www.pkf-attest.es\/tecnologia\/wp-content\/uploads\/sites\/2\/2025\/04\/Group-150-9-1.png","datePublished":"2025-04-09T14:06:53+00:00","dateModified":"2025-07-02T07:48:49+00:00","description":"El control horario es obligatorio para todas las empresas. Aprende c\u00f3mo registrar la jornada laboral de tus empleados correctamente con Factorial.","breadcrumb":{"@id":"https:\/\/www.pkf-attest.es\/tecnologia\/novedades-itc\/control-horario-nueva-ley-y-herramientas-aplicarla\/#breadcrumb"},"inLanguage":"es","potentialAction":[{"@type":"ReadAction","target":["https:\/\/www.pkf-attest.es\/tecnologia\/novedades-itc\/control-horario-nueva-ley-y-herramientas-aplicarla\/"]}]},{"@type":"ImageObject","inLanguage":"es","@id":"https:\/\/www.pkf-attest.es\/tecnologia\/novedades-itc\/control-horario-nueva-ley-y-herramientas-aplicarla\/#primaryimage","url":"https:\/\/www.pkf-attest.es\/tecnologia\/wp-content\/uploads\/sites\/2\/2025\/04\/Group-150-9-1.png","contentUrl":"https:\/\/www.pkf-attest.es\/tecnologia\/wp-content\/uploads\/sites\/2\/2025\/04\/Group-150-9-1.png","width":980,"height":623},{"@type":"BreadcrumbList","@id":"https:\/\/www.pkf-attest.es\/tecnologia\/novedades-itc\/control-horario-nueva-ley-y-herramientas-aplicarla\/#breadcrumb","itemListElement":[{"@type":"ListItem","position":1,"name":"Portada","item":"https:\/\/www.pkf-attest.es\/tecnologia\/"},{"@type":"ListItem","position":2,"name":"Control y registro horario de trabajadores: Nueva ley y herramienta para aplicarla"}]},{"@type":"WebSite","@id":"https:\/\/www.pkf-attest.es\/tecnologia\/#website","url":"https:\/\/www.pkf-attest.es\/tecnologia\/","name":"PKF Attest Tecnologia","description":"PKF Attest Tecnologia","publisher":{"@id":"https:\/\/www.pkf-attest.es\/tecnologia\/#organization"},"potentialAction":[{"@type":"SearchAction","target":{"@type":"EntryPoint","urlTemplate":"https:\/\/www.pkf-attest.es\/tecnologia\/?s={search_term_string}"},"query-input":{"@type":"PropertyValueSpecification","valueRequired":true,"valueName":"search_term_string"}}],"inLanguage":"es"},{"@type":"Organization","@id":"https:\/\/www.pkf-attest.es\/tecnologia\/#organization","name":"PKF Attest Tecnologia","url":"https:\/\/www.pkf-attest.es\/tecnologia\/","logo":{"@type":"ImageObject","inLanguage":"es","@id":"https:\/\/www.pkf-attest.es\/tecnologia\/#\/schema\/logo\/image\/","url":"https:\/\/www.pkf-attest.es\/tecnologia\/wp-content\/uploads\/sites\/2\/2023\/12\/Logotipo_PKF-Attest-675x675-1.jpg","contentUrl":"https:\/\/www.pkf-attest.es\/tecnologia\/wp-content\/uploads\/sites\/2\/2023\/12\/Logotipo_PKF-Attest-675x675-1.jpg","width":675,"height":675,"caption":"PKF Attest Tecnologia"},"image":{"@id":"https:\/\/www.pkf-attest.es\/tecnologia\/#\/schema\/logo\/image\/"}}]}},"_links":{"self":[{"href":"https:\/\/www.pkf-attest.es\/tecnologia\/wp-json\/wp\/v2\/novedades-itc\/17845","targetHints":{"allow":["GET"]}}],"collection":[{"href":"https:\/\/www.pkf-attest.es\/tecnologia\/wp-json\/wp\/v2\/novedades-itc"}],"about":[{"href":"https:\/\/www.pkf-attest.es\/tecnologia\/wp-json\/wp\/v2\/types\/novedades-itc"}],"wp:featuredmedia":[{"embeddable":true,"href":"https:\/\/www.pkf-attest.es\/tecnologia\/wp-json\/wp\/v2\/media\/17747"}],"wp:attachment":[{"href":"https:\/\/www.pkf-attest.es\/tecnologia\/wp-json\/wp\/v2\/media?parent=17845"}],"wp:term":[{"taxonomy":"category","embeddable":true,"href":"https:\/\/www.pkf-attest.es\/tecnologia\/wp-json\/wp\/v2\/categories?post=17845"},{"taxonomy":"post_tag","embeddable":true,"href":"https:\/\/www.pkf-attest.es\/tecnologia\/wp-json\/wp\/v2\/tags?post=17845"},{"taxonomy":"novedades_itc","embeddable":true,"href":"https:\/\/www.pkf-attest.es\/tecnologia\/wp-json\/wp\/v2\/novedades_itc?post=17845"}],"curies":[{"name":"wp","href":"https:\/\/api.w.org\/{rel}","templated":true}]}}