{"id":18793,"date":"2025-10-29T12:32:30","date_gmt":"2025-10-29T12:32:30","guid":{"rendered":"https:\/\/www.pkf-attest.es\/tecnologia\/?post_type=novedades-itc&#038;p=18793"},"modified":"2026-04-20T16:22:26","modified_gmt":"2026-04-20T14:22:26","slug":"verifactu-sistema-facturacion-electronica","status":"publish","type":"novedades-itc","link":"https:\/\/www.pkf-attest.es\/tecnologia\/novedades-itc\/verifactu-sistema-facturacion-electronica\/","title":{"rendered":"VERI*FACTU: qu\u00e9 es, cu\u00e1ndo entra en vigor y a qui\u00e9n afecta"},"content":{"rendered":"\n<div class=\"wp-block-genesis-blocks-gb-columns gb-layout-columns-2 gb-2-col-equal\"><div class=\"gb-layout-column-wrap gb-block-layout-column-gap-2 gb-is-responsive-column\">\n<div class=\"wp-block-genesis-blocks-gb-column gb-block-layout-column gb-is-vertically-aligned-center\"><div class=\"gb-block-layout-column-inner\">\n<h2 class=\"wp-block-heading has-text-color has-link-color wp-elements-1d3c3fa5332fc983f0b71ea79e41fa7f\" id=\"h-que-es-veri-factu\" style=\"color:#0f3780;font-size:24px\"><strong>\ud83e\uddfe \u00bfQu\u00e9 es VERI*FACTU?<\/strong><\/h2>\n<\/div><\/div>\n\n\n\n<div class=\"wp-block-genesis-blocks-gb-column gb-block-layout-column gb-is-vertically-aligned-center\"><div class=\"gb-block-layout-column-inner\" style=\"text-align:left\"><div class=\"wp-block-image\">\n<figure class=\"alignleft size-full is-resized\"><img loading=\"lazy\" decoding=\"async\" width=\"500\" height=\"122\" src=\"https:\/\/www.pkf-attest.es\/tecnologia\/wp-content\/uploads\/sites\/2\/2025\/10\/Logo-Verifactu.png\" alt=\"\" class=\"wp-image-18794\" style=\"width:200px\" srcset=\"https:\/\/www.pkf-attest.es\/tecnologia\/wp-content\/uploads\/sites\/2\/2025\/10\/Logo-Verifactu.png 500w, https:\/\/www.pkf-attest.es\/tecnologia\/wp-content\/uploads\/sites\/2\/2025\/10\/Logo-Verifactu-300x73.png 300w\" sizes=\"auto, (max-width: 500px) 100vw, 500px\" \/><\/figure>\n<\/div><\/div><\/div>\n<\/div><\/div>\n\n\n\n<div class=\"wp-block-genesis-blocks-gb-columns gb-layout-columns-1 gb-1-col-equal\"><div class=\"gb-layout-column-wrap gb-block-layout-column-gap-2 gb-is-responsive-column\">\n<div class=\"wp-block-genesis-blocks-gb-column gb-block-layout-column\"><div class=\"gb-block-layout-column-inner\">\n<p>Imagina que Hacienda quiere asegurarse de que todas las empresas hacen las cosas bien cuando hacen facturas \u2014sin trampas, sin borrarlas ni cambiarlas despu\u00e9s.<\/p>\n\n\n\n<p>Para eso ha creado <a href=\"https:\/\/www.pkf-attest.es\/tecnologia\/novedades-itc\/aplazamiento-verifactu-2027\/\" target=\"_blank\" rel=\"noreferrer noopener\">una nueva norma que se llama <strong>VERI*FACTU<\/strong><\/a>, que viene de una ley llamada <strong>Ley Antifraude<\/strong>.<br>B\u00e1sicamente, obliga a que todos los programas de facturaci\u00f3n guarden las facturas de forma <strong>segura, sin poder cambiarlas, y que puedan demostrarse f\u00e1cilmente ante Hacienda<\/strong>.<\/p>\n<\/div><\/div>\n<\/div><\/div>\n\n\n\n<div style=\"height:48px\" aria-hidden=\"true\" class=\"wp-block-spacer\"><\/div>\n\n\n\n<div class=\"wp-block-genesis-blocks-gb-columns gb-layout-columns-2 gb-2-col-equal\"><div class=\"gb-layout-column-wrap gb-block-layout-column-gap-2 gb-is-responsive-column\">\n<div class=\"wp-block-genesis-blocks-gb-column gb-block-layout-column gb-is-vertically-aligned-center\"><div class=\"gb-block-layout-column-inner\">\n<h2 class=\"wp-block-heading has-text-color has-link-color wp-elements-307ddb12f72d0b16ff116fff678c56f8\" id=\"h-dos-leyes-que-van-de-la-mano\" style=\"color:#0f3780;font-size:24px\"><strong>\u2696\ufe0f Dos leyes que van de la mano<\/strong><\/h2>\n\n\n\n<p>En realidad, hay&nbsp;<strong>dos leyes diferentes<\/strong>&nbsp;que hablan de facturas y tecnolog\u00eda:<\/p>\n\n\n\n<ol start=\"1\" style=\"color:#000000\" class=\"wp-block-list has-text-color has-link-color wp-elements-5e2836ebf631fd958a47bab5939ddeea\">\n<li><strong>Ley Antifraude (Ley 11\/2021)<\/strong><br>Su objetivo es&nbsp;<strong>evitar el fraude fiscal<\/strong>&nbsp;y que nadie manipule facturas.<br>De aqu\u00ed nace&nbsp;<strong>VERI*FACTU<\/strong>.<\/li>\n\n\n\n<li><strong>Ley Crea y Crece (Ley 18\/2022)<\/strong><br>Quiere que sea&nbsp;<strong>m\u00e1s f\u00e1cil crear empresas<\/strong>&nbsp;y que&nbsp;<strong>todas usen facturas electr\u00f3nicas<\/strong>.<br>As\u00ed se combate la morosidad y se hace todo m\u00e1s transparente.<\/li>\n<\/ol>\n\n\n\n<p>Por ahora, la&nbsp;<strong>Ley Antifraude y VERI*FACTU<\/strong>&nbsp;son las que llegan primero, y por eso son las m\u00e1s urgentes.<\/p>\n<\/div><\/div>\n\n\n\n<div class=\"wp-block-genesis-blocks-gb-column gb-block-layout-column gb-is-vertically-aligned-center\"><div class=\"gb-block-layout-column-inner\" style=\"text-align:left\">\n<figure class=\"wp-block-image size-full\"><img loading=\"lazy\" decoding=\"async\" width=\"1024\" height=\"682\" src=\"https:\/\/www.pkf-attest.es\/tecnologia\/wp-content\/uploads\/sites\/2\/2025\/10\/Verifactu-empresario-mirando-facturas-min.jpg\" alt=\"\" class=\"wp-image-18796\" srcset=\"https:\/\/www.pkf-attest.es\/tecnologia\/wp-content\/uploads\/sites\/2\/2025\/10\/Verifactu-empresario-mirando-facturas-min.jpg 1024w, https:\/\/www.pkf-attest.es\/tecnologia\/wp-content\/uploads\/sites\/2\/2025\/10\/Verifactu-empresario-mirando-facturas-min-300x200.jpg 300w, https:\/\/www.pkf-attest.es\/tecnologia\/wp-content\/uploads\/sites\/2\/2025\/10\/Verifactu-empresario-mirando-facturas-min-768x512.jpg 768w, https:\/\/www.pkf-attest.es\/tecnologia\/wp-content\/uploads\/sites\/2\/2025\/10\/Verifactu-empresario-mirando-facturas-min-600x400.jpg 600w\" sizes=\"auto, (max-width: 1024px) 100vw, 1024px\" \/><\/figure>\n<\/div><\/div>\n<\/div><\/div>\n\n\n\n<div style=\"height:48px\" aria-hidden=\"true\" class=\"wp-block-spacer\"><\/div>\n\n\n\n<div class=\"wp-block-genesis-blocks-gb-columns gb-layout-columns-1 gb-1-col-equal\"><div class=\"gb-layout-column-wrap gb-block-layout-column-gap-2 gb-is-responsive-column\">\n<div class=\"wp-block-genesis-blocks-gb-column gb-block-layout-column gb-is-vertically-aligned-center\"><div class=\"gb-block-layout-column-inner\">\n<h2 class=\"wp-block-heading has-text-color has-link-color wp-elements-56ee3f43fa90b3590f946e1d5cc68703\" id=\"h-fechas-importantes-que-hay-que-recordar\" style=\"color:#0f3780;font-size:24px\"><strong>\ud83d\udcc5 Fechas importantes que hay que recordar<\/strong><\/h2>\n\n\n\n<ul style=\"color:#000000\" class=\"has-text-color has-link-color wp-block-list wp-elements-0271517e7e8f4a3961685d8b6abed94f\">\n\n<li><strong>1 de enero de 2027<\/strong> \u2192 Las <strong>empresas<\/strong> deber\u00e1n usar programas de facturaci\u00f3n adaptados a VERI*FACTU.<\/li>\n\n\n<li><strong>1 de julio de 2027<\/strong> \u2192 Tambi\u00e9n deber\u00e1n hacerlo los <strong>aut\u00f3nomos y comunidades de bienes<\/strong>.<\/li>\n\n<\/ul>\n\n\n\n<p>No tendr\u00e1s que hacerlo si ya usas otros sistemas parecidos, como <strong>SII, TicketBAI o Batuz.<\/strong><\/p>\n<\/div><\/div>\n<\/div><\/div>\n\n\n\n<div style=\"height:48px\" aria-hidden=\"true\" class=\"wp-block-spacer\"><\/div>\n\n\n\n<div class=\"wp-block-genesis-blocks-gb-columns gb-layout-columns-2 gb-2-col-equal\"><div class=\"gb-layout-column-wrap gb-block-layout-column-gap-2 gb-is-responsive-column\">\n<div class=\"wp-block-genesis-blocks-gb-column gb-block-layout-column gb-is-vertically-aligned-center\"><div class=\"gb-block-layout-column-inner\">\n<h2 class=\"wp-block-heading has-text-color has-link-color wp-elements-3e1ae504c244f7a64a7cb36b40e03e25\" id=\"h-como-funciona-veri-factu\" style=\"color:#0f3780;font-size:24px\"><strong>\ud83e\udde0 \u00bfC\u00f3mo funciona VERI*FACTU?<\/strong><\/h2>\n\n\n\n<p>Hay&nbsp;<strong>dos formas<\/strong>&nbsp;de cumplir la norma:<\/p>\n\n\n\n<ol start=\"1\" style=\"color:#000000\" class=\"wp-block-list has-text-color has-link-color wp-elements-9abc64b764165710e1598f5f81e967b7\">\n<li><strong>Modo VERI*FACTU (el recomendado)<\/strong>: <br>Tu programa env\u00eda autom\u00e1ticamente a Hacienda un peque\u00f1o resumen de cada factura. Cada factura llevar\u00e1 el texto \u201cVERI*FACTU\u201d y un <strong>c\u00f3digo QR<\/strong> para que cualquiera pueda comprobarla.<\/li>\n\n\n\n<li><strong>Modo NO VERI*FACTU:<\/strong><br>El programa guarda todos los datos de facturaci\u00f3n, pero <strong>no los env\u00eda a Hacienda en el momento.<\/strong><br>Eso s\u00ed, debe poder mandarlos en el formato correcto si Hacienda lo pide.<\/li>\n<\/ol>\n\n\n\n<p>Por ahora, la&nbsp;<strong>Ley Antifraude y VERI*FACTU<\/strong>&nbsp;son las que llegan primero, y por eso son las m\u00e1s urgentes.<\/p>\n<\/div><\/div>\n\n\n\n<div class=\"wp-block-genesis-blocks-gb-column gb-block-layout-column gb-is-vertically-aligned-center\"><div class=\"gb-block-layout-column-inner\" style=\"text-align:left\">\n<figure class=\"wp-block-image size-full\"><img loading=\"lazy\" decoding=\"async\" width=\"1024\" height=\"683\" src=\"https:\/\/www.pkf-attest.es\/tecnologia\/wp-content\/uploads\/sites\/2\/2025\/10\/verifactu-empresaria-mirando-facturas-min.jpg\" alt=\"VERI*FACTU: qu\u00e9 es, cu\u00e1ndo entra en vigor y a qui\u00e9n afecta\" class=\"wp-image-18797\" srcset=\"https:\/\/www.pkf-attest.es\/tecnologia\/wp-content\/uploads\/sites\/2\/2025\/10\/verifactu-empresaria-mirando-facturas-min.jpg 1024w, https:\/\/www.pkf-attest.es\/tecnologia\/wp-content\/uploads\/sites\/2\/2025\/10\/verifactu-empresaria-mirando-facturas-min-300x200.jpg 300w, https:\/\/www.pkf-attest.es\/tecnologia\/wp-content\/uploads\/sites\/2\/2025\/10\/verifactu-empresaria-mirando-facturas-min-768x512.jpg 768w, https:\/\/www.pkf-attest.es\/tecnologia\/wp-content\/uploads\/sites\/2\/2025\/10\/verifactu-empresaria-mirando-facturas-min-600x400.jpg 600w\" sizes=\"auto, (max-width: 1024px) 100vw, 1024px\" \/><\/figure>\n<\/div><\/div>\n<\/div><\/div>\n\n\n\n<div style=\"height:48px\" aria-hidden=\"true\" class=\"wp-block-spacer\"><\/div>\n\n\n\n<div class=\"wp-block-genesis-blocks-gb-columns gb-layout-columns-1 gb-1-col-equal\"><div class=\"gb-layout-column-wrap gb-block-layout-column-gap-2 gb-is-responsive-column\">\n<div class=\"wp-block-genesis-blocks-gb-column gb-block-layout-column gb-is-vertically-aligned-center\"><div class=\"gb-block-layout-column-inner\">\n<h2 class=\"wp-block-heading has-text-color has-link-color wp-elements-dd3f1c94de1c118bd85747f94874a314\" id=\"h-por-que-hacerlo-ya\" style=\"color:#0f3780;font-size:24px\"><strong>\ud83d\ude80 \u00bfPor qu\u00e9 hacerlo ya?<\/strong><\/h2>\n\n\n\n<p>Aunque el plazo parezca lejano (2027), <strong>preparar un sistema de facturaci\u00f3n compatible no se hace en dos d\u00edas.<\/strong><br>Las empresas que empiecen ahora podr\u00e1n:<\/p>\n<\/div><\/div>\n<\/div><\/div>\n\n\n\n<div style=\"height:48px\" aria-hidden=\"true\" class=\"wp-block-spacer\"><\/div>\n\n\n\n<div class=\"wp-block-genesis-blocks-gb-columns gb-layout-columns-1 gb-1-col-equal\"><div class=\"gb-layout-column-wrap gb-block-layout-column-gap-2 gb-is-responsive-column\">\n<div class=\"wp-block-genesis-blocks-gb-column gb-block-layout-column gb-is-vertically-aligned-center\"><div class=\"gb-block-layout-column-inner\">\n<h2 class=\"wp-block-heading has-text-color has-link-color wp-elements-a332808900617cfd816e20a59ab4986d\" id=\"h-y-si-usas-microsoft-business-central-o-dynamics-nav\" style=\"color:#0f3780;font-size:24px\"><strong>\ud83d\udca1 Y si usas Microsoft Business Central o Dynamics NAV\u2026<\/strong><\/h2>\n\n\n\n<p>Microsoft est\u00e1 trabajando para incorporar la funcionalidad de VERI*FACTU en Business Central.<br>Pero \u2014como suele pasar con las novedades\u2014 <strong>es probable que tarde un tiempo en ser totalmente estable<\/strong> y solo est\u00e9 disponible para<strong> versiones modernas<\/strong>.<\/p>\n\n\n\n<p>Por eso puede tener m\u00e1s sentido apostar desde ya por una soluci\u00f3n certificada, como la que ofrecemos:<\/p>\n\n\n\n<p>As\u00ed no dependes de los plazos de Microsoft y llegas preparado antes de que sea obligatorio.<\/p>\n<\/div><\/div>\n<\/div><\/div>\n\n\n\n<div style=\"height:48px\" aria-hidden=\"true\" class=\"wp-block-spacer\"><\/div>\n\n\n\n<div class=\"wp-block-genesis-blocks-gb-columns gb-layout-columns-1 gb-1-col-equal\"><div class=\"gb-layout-column-wrap gb-block-layout-column-gap-2 gb-is-responsive-column\">\n<div class=\"wp-block-genesis-blocks-gb-column gb-block-layout-column gb-is-vertically-aligned-center\"><div class=\"gb-block-layout-column-inner\">\n<h2 class=\"wp-block-heading has-text-color has-link-color wp-elements-3b61c876e63027ea195c3857294f3ea6\" id=\"h-otras-opciones\" style=\"color:#0f3780;font-size:24px\"><strong>\ud83e\uddf0 Otras opciones<\/strong><\/h2>\n\n\n\n<p>Si solo emites pocas facturas, Hacienda tambi\u00e9n ofrece una aplicaci\u00f3n <strong>gratuita de facturaci\u00f3n VERI*FACTU<\/strong>, que puedes usar de forma manual.<br>Pero si tu empresa emite muchas facturas, <strong>una soluci\u00f3n integrada ser\u00e1 m\u00e1s pr\u00e1ctica, r\u00e1pida y segura.<\/strong><\/p>\n<\/div><\/div>\n<\/div><\/div>\n\n\n\n<div style=\"height:48px\" aria-hidden=\"true\" class=\"wp-block-spacer\"><\/div>\n\n\n\n<div class=\"wp-block-genesis-blocks-gb-columns gb-layout-columns-1 gb-1-col-equal\"><div class=\"gb-layout-column-wrap gb-block-layout-column-gap-2 gb-is-responsive-column\">\n<div class=\"wp-block-genesis-blocks-gb-column gb-block-layout-column gb-is-vertically-aligned-center\"><div class=\"gb-block-layout-column-inner\">\n<h2 class=\"wp-block-heading has-text-color has-link-color wp-elements-06aed041a0f4abc20fce1002171b3699\" id=\"h-en-resumen\" style=\"color:#0f3780;font-size:24px\"><strong>\ud83e\udd1d En resumen<\/strong><\/h2>\n\n\n\n<p>VERI*FACTU es como un \u201csello de verdad\u201d que demuestra que tus facturas son seguras y legales.<br>Hay que adaptarse antes de 2027, y <strong>cuanto antes empieces, m\u00e1s f\u00e1cil y barato ser\u00e1.<\/strong><br>Y aunque Microsoft lo incorporar\u00e1 m\u00e1s adelante, <strong>tener una soluci\u00f3n ya probada te da tranquilidad y ventaja.<\/strong><\/p>\n<\/div><\/div>\n<\/div><\/div>\n\n\n\n<div style=\"height:48px\" aria-hidden=\"true\" class=\"wp-block-spacer\"><\/div>\n\n\n\n<div class=\"wp-block-genesis-blocks-gb-columns gb-layout-columns-1 one-column gb-has-custom-background-color gb-columns-center\" style=\"padding-top:24px;padding-right:24px;padding-bottom:24px;padding-left:24px;background-color:#f8f8f8\"><div class=\"gb-layout-column-wrap gb-block-layout-column-gap-2 gb-is-responsive-column\" style=\"max-width:1200px\">\n<div class=\"wp-block-genesis-blocks-gb-column gb-block-layout-column\"><div class=\"gb-block-layout-column-inner\">\n<p class=\"has-text-color has-link-color wp-elements-757ddf02a0c7a045380fa74efa1b24a5\" style=\"color:#000000\">Si necesitas m\u00e1s detalles, o quieres una propuesta formal, puedes concertar una reuni\u00f3n con nosotros.<br>\u00a1Contacta con nosotros!<\/p>\n\n\n\n<div class=\"wp-block-buttons is-layout-flex wp-block-buttons-is-layout-flex\">\n<div class=\"wp-block-button\"><a class=\"wp-block-button__link wp-element-button\" href=\"https:\/\/www.pkf-attest.es\/tecnologia\/erp\/dynamics-365-business-central\/#contacto\">Contactar con un experto<\/a><\/div>\n<\/div>\n<\/div><\/div>\n<\/div><\/div>\n\n\n\n<div style=\"height:48px\" aria-hidden=\"true\" class=\"wp-block-spacer\"><\/div>\n","protected":false},"featured_media":18795,"template":"","categories":[],"tags":[135,115],"novedades_itc":[],"class_list":{"0":"post-18793","1":"novedades-itc","2":"type-novedades-itc","3":"status-publish","4":"has-post-thumbnail","6":"tag-articulo","7":"tag-business_central","8":"entry"},"acf":[],"yoast_head":"<!-- This site is optimized with the Yoast SEO Premium plugin v27.3 (Yoast SEO v27.3) - https:\/\/yoast.com\/product\/yoast-seo-premium-wordpress\/ -->\n<title>VERI*FACTU: qu\u00e9 es, cu\u00e1ndo entra en vigor y a qui\u00e9n afecta - PKF Attest Tecnologia<\/title>\n<meta name=\"description\" content=\"Descubre qu\u00e9 es VeriFactu, el nuevo sistema de facturaci\u00f3n electr\u00f3nica derivado de la Ley Antifraude, cu\u00e1ndo entra en vigor y a qui\u00e9n afecta.\" \/>\n<meta name=\"robots\" content=\"index, follow, max-snippet:-1, max-image-preview:large, max-video-preview:-1\" \/>\n<link rel=\"canonical\" href=\"https:\/\/www.pkf-attest.es\/tecnologia\/novedades-itc\/verifactu-sistema-facturacion-electronica\/\" \/>\n<meta property=\"og:locale\" content=\"es_ES\" \/>\n<meta property=\"og:type\" content=\"article\" \/>\n<meta property=\"og:title\" content=\"VERI*FACTU: qu\u00e9 es, cu\u00e1ndo entra en vigor y a qui\u00e9n afecta\" \/>\n<meta property=\"og:description\" content=\"Descubre qu\u00e9 es VeriFactu, el nuevo sistema de facturaci\u00f3n electr\u00f3nica derivado de la Ley Antifraude, cu\u00e1ndo entra en vigor y a qui\u00e9n afecta.\" \/>\n<meta property=\"og:url\" content=\"https:\/\/www.pkf-attest.es\/tecnologia\/novedades-itc\/verifactu-sistema-facturacion-electronica\/\" \/>\n<meta property=\"og:site_name\" content=\"PKF Attest Tecnologia\" \/>\n<meta property=\"article:modified_time\" content=\"2026-04-20T14:22:26+00:00\" \/>\n<meta property=\"og:image\" content=\"https:\/\/www.pkf-attest.es\/tecnologia\/wp-content\/uploads\/sites\/2\/2025\/10\/imagen-destacada-verifactu-min.jpg\" \/>\n\t<meta property=\"og:image:width\" content=\"400\" \/>\n\t<meta property=\"og:image:height\" content=\"180\" \/>\n\t<meta property=\"og:image:type\" content=\"image\/jpeg\" \/>\n<meta name=\"twitter:card\" content=\"summary_large_image\" \/>\n<meta name=\"twitter:label1\" content=\"Tiempo de lectura\" \/>\n\t<meta name=\"twitter:data1\" content=\"4 minutos\" \/>\n<script type=\"application\/ld+json\" class=\"yoast-schema-graph\">{\"@context\":\"https:\\\/\\\/schema.org\",\"@graph\":[{\"@type\":\"WebPage\",\"@id\":\"https:\\\/\\\/www.pkf-attest.es\\\/tecnologia\\\/novedades-itc\\\/verifactu-sistema-facturacion-electronica\\\/\",\"url\":\"https:\\\/\\\/www.pkf-attest.es\\\/tecnologia\\\/novedades-itc\\\/verifactu-sistema-facturacion-electronica\\\/\",\"name\":\"VERI*FACTU: qu\u00e9 es, cu\u00e1ndo entra en vigor y a qui\u00e9n afecta - PKF Attest Tecnologia\",\"isPartOf\":{\"@id\":\"https:\\\/\\\/www.pkf-attest.es\\\/tecnologia\\\/#website\"},\"primaryImageOfPage\":{\"@id\":\"https:\\\/\\\/www.pkf-attest.es\\\/tecnologia\\\/novedades-itc\\\/verifactu-sistema-facturacion-electronica\\\/#primaryimage\"},\"image\":{\"@id\":\"https:\\\/\\\/www.pkf-attest.es\\\/tecnologia\\\/novedades-itc\\\/verifactu-sistema-facturacion-electronica\\\/#primaryimage\"},\"thumbnailUrl\":\"https:\\\/\\\/www.pkf-attest.es\\\/tecnologia\\\/wp-content\\\/uploads\\\/sites\\\/2\\\/2025\\\/10\\\/imagen-destacada-verifactu-min.jpg\",\"datePublished\":\"2025-10-29T12:32:30+00:00\",\"dateModified\":\"2026-04-20T14:22:26+00:00\",\"description\":\"Descubre qu\u00e9 es VeriFactu, el nuevo sistema de facturaci\u00f3n electr\u00f3nica derivado de la Ley Antifraude, cu\u00e1ndo entra en vigor y a qui\u00e9n afecta.\",\"breadcrumb\":{\"@id\":\"https:\\\/\\\/www.pkf-attest.es\\\/tecnologia\\\/novedades-itc\\\/verifactu-sistema-facturacion-electronica\\\/#breadcrumb\"},\"inLanguage\":\"es\",\"potentialAction\":[{\"@type\":\"ReadAction\",\"target\":[\"https:\\\/\\\/www.pkf-attest.es\\\/tecnologia\\\/novedades-itc\\\/verifactu-sistema-facturacion-electronica\\\/\"]}]},{\"@type\":\"ImageObject\",\"inLanguage\":\"es\",\"@id\":\"https:\\\/\\\/www.pkf-attest.es\\\/tecnologia\\\/novedades-itc\\\/verifactu-sistema-facturacion-electronica\\\/#primaryimage\",\"url\":\"https:\\\/\\\/www.pkf-attest.es\\\/tecnologia\\\/wp-content\\\/uploads\\\/sites\\\/2\\\/2025\\\/10\\\/imagen-destacada-verifactu-min.jpg\",\"contentUrl\":\"https:\\\/\\\/www.pkf-attest.es\\\/tecnologia\\\/wp-content\\\/uploads\\\/sites\\\/2\\\/2025\\\/10\\\/imagen-destacada-verifactu-min.jpg\",\"width\":400,\"height\":180},{\"@type\":\"BreadcrumbList\",\"@id\":\"https:\\\/\\\/www.pkf-attest.es\\\/tecnologia\\\/novedades-itc\\\/verifactu-sistema-facturacion-electronica\\\/#breadcrumb\",\"itemListElement\":[{\"@type\":\"ListItem\",\"position\":1,\"name\":\"Portada\",\"item\":\"https:\\\/\\\/www.pkf-attest.es\\\/tecnologia\\\/\"},{\"@type\":\"ListItem\",\"position\":2,\"name\":\"VERI*FACTU: qu\u00e9 es, cu\u00e1ndo entra en vigor y a qui\u00e9n afecta\"}]},{\"@type\":\"WebSite\",\"@id\":\"https:\\\/\\\/www.pkf-attest.es\\\/tecnologia\\\/#website\",\"url\":\"https:\\\/\\\/www.pkf-attest.es\\\/tecnologia\\\/\",\"name\":\"PKF Attest Tecnologia\",\"description\":\"PKF Attest Tecnologia\",\"publisher\":{\"@id\":\"https:\\\/\\\/www.pkf-attest.es\\\/tecnologia\\\/#organization\"},\"potentialAction\":[{\"@type\":\"SearchAction\",\"target\":{\"@type\":\"EntryPoint\",\"urlTemplate\":\"https:\\\/\\\/www.pkf-attest.es\\\/tecnologia\\\/?s={search_term_string}\"},\"query-input\":{\"@type\":\"PropertyValueSpecification\",\"valueRequired\":true,\"valueName\":\"search_term_string\"}}],\"inLanguage\":\"es\"},{\"@type\":\"Organization\",\"@id\":\"https:\\\/\\\/www.pkf-attest.es\\\/tecnologia\\\/#organization\",\"name\":\"PKF Attest Tecnologia\",\"url\":\"https:\\\/\\\/www.pkf-attest.es\\\/tecnologia\\\/\",\"logo\":{\"@type\":\"ImageObject\",\"inLanguage\":\"es\",\"@id\":\"https:\\\/\\\/www.pkf-attest.es\\\/tecnologia\\\/#\\\/schema\\\/logo\\\/image\\\/\",\"url\":\"https:\\\/\\\/www.pkf-attest.es\\\/tecnologia\\\/wp-content\\\/uploads\\\/sites\\\/2\\\/2023\\\/12\\\/Logotipo_PKF-Attest-675x675-1.jpg\",\"contentUrl\":\"https:\\\/\\\/www.pkf-attest.es\\\/tecnologia\\\/wp-content\\\/uploads\\\/sites\\\/2\\\/2023\\\/12\\\/Logotipo_PKF-Attest-675x675-1.jpg\",\"width\":675,\"height\":675,\"caption\":\"PKF Attest Tecnologia\"},\"image\":{\"@id\":\"https:\\\/\\\/www.pkf-attest.es\\\/tecnologia\\\/#\\\/schema\\\/logo\\\/image\\\/\"}}]}<\/script>\n<!-- \/ Yoast SEO Premium plugin. -->","yoast_head_json":{"title":"VERI*FACTU: qu\u00e9 es, cu\u00e1ndo entra en vigor y a qui\u00e9n afecta - PKF Attest Tecnologia","description":"Descubre qu\u00e9 es VeriFactu, el nuevo sistema de facturaci\u00f3n electr\u00f3nica derivado de la Ley Antifraude, cu\u00e1ndo entra en vigor y a qui\u00e9n afecta.","robots":{"index":"index","follow":"follow","max-snippet":"max-snippet:-1","max-image-preview":"max-image-preview:large","max-video-preview":"max-video-preview:-1"},"canonical":"https:\/\/www.pkf-attest.es\/tecnologia\/novedades-itc\/verifactu-sistema-facturacion-electronica\/","og_locale":"es_ES","og_type":"article","og_title":"VERI*FACTU: qu\u00e9 es, cu\u00e1ndo entra en vigor y a qui\u00e9n afecta","og_description":"Descubre qu\u00e9 es VeriFactu, el nuevo sistema de facturaci\u00f3n electr\u00f3nica derivado de la Ley Antifraude, cu\u00e1ndo entra en vigor y a qui\u00e9n afecta.","og_url":"https:\/\/www.pkf-attest.es\/tecnologia\/novedades-itc\/verifactu-sistema-facturacion-electronica\/","og_site_name":"PKF Attest Tecnologia","article_modified_time":"2026-04-20T14:22:26+00:00","og_image":[{"width":400,"height":180,"url":"https:\/\/www.pkf-attest.es\/tecnologia\/wp-content\/uploads\/sites\/2\/2025\/10\/imagen-destacada-verifactu-min.jpg","type":"image\/jpeg"}],"twitter_card":"summary_large_image","twitter_misc":{"Tiempo de lectura":"4 minutos"},"schema":{"@context":"https:\/\/schema.org","@graph":[{"@type":"WebPage","@id":"https:\/\/www.pkf-attest.es\/tecnologia\/novedades-itc\/verifactu-sistema-facturacion-electronica\/","url":"https:\/\/www.pkf-attest.es\/tecnologia\/novedades-itc\/verifactu-sistema-facturacion-electronica\/","name":"VERI*FACTU: qu\u00e9 es, cu\u00e1ndo entra en vigor y a qui\u00e9n afecta - PKF Attest Tecnologia","isPartOf":{"@id":"https:\/\/www.pkf-attest.es\/tecnologia\/#website"},"primaryImageOfPage":{"@id":"https:\/\/www.pkf-attest.es\/tecnologia\/novedades-itc\/verifactu-sistema-facturacion-electronica\/#primaryimage"},"image":{"@id":"https:\/\/www.pkf-attest.es\/tecnologia\/novedades-itc\/verifactu-sistema-facturacion-electronica\/#primaryimage"},"thumbnailUrl":"https:\/\/www.pkf-attest.es\/tecnologia\/wp-content\/uploads\/sites\/2\/2025\/10\/imagen-destacada-verifactu-min.jpg","datePublished":"2025-10-29T12:32:30+00:00","dateModified":"2026-04-20T14:22:26+00:00","description":"Descubre qu\u00e9 es VeriFactu, el nuevo sistema de facturaci\u00f3n electr\u00f3nica derivado de la Ley Antifraude, cu\u00e1ndo entra en vigor y a qui\u00e9n afecta.","breadcrumb":{"@id":"https:\/\/www.pkf-attest.es\/tecnologia\/novedades-itc\/verifactu-sistema-facturacion-electronica\/#breadcrumb"},"inLanguage":"es","potentialAction":[{"@type":"ReadAction","target":["https:\/\/www.pkf-attest.es\/tecnologia\/novedades-itc\/verifactu-sistema-facturacion-electronica\/"]}]},{"@type":"ImageObject","inLanguage":"es","@id":"https:\/\/www.pkf-attest.es\/tecnologia\/novedades-itc\/verifactu-sistema-facturacion-electronica\/#primaryimage","url":"https:\/\/www.pkf-attest.es\/tecnologia\/wp-content\/uploads\/sites\/2\/2025\/10\/imagen-destacada-verifactu-min.jpg","contentUrl":"https:\/\/www.pkf-attest.es\/tecnologia\/wp-content\/uploads\/sites\/2\/2025\/10\/imagen-destacada-verifactu-min.jpg","width":400,"height":180},{"@type":"BreadcrumbList","@id":"https:\/\/www.pkf-attest.es\/tecnologia\/novedades-itc\/verifactu-sistema-facturacion-electronica\/#breadcrumb","itemListElement":[{"@type":"ListItem","position":1,"name":"Portada","item":"https:\/\/www.pkf-attest.es\/tecnologia\/"},{"@type":"ListItem","position":2,"name":"VERI*FACTU: qu\u00e9 es, cu\u00e1ndo entra en vigor y a qui\u00e9n afecta"}]},{"@type":"WebSite","@id":"https:\/\/www.pkf-attest.es\/tecnologia\/#website","url":"https:\/\/www.pkf-attest.es\/tecnologia\/","name":"PKF Attest Tecnologia","description":"PKF Attest Tecnologia","publisher":{"@id":"https:\/\/www.pkf-attest.es\/tecnologia\/#organization"},"potentialAction":[{"@type":"SearchAction","target":{"@type":"EntryPoint","urlTemplate":"https:\/\/www.pkf-attest.es\/tecnologia\/?s={search_term_string}"},"query-input":{"@type":"PropertyValueSpecification","valueRequired":true,"valueName":"search_term_string"}}],"inLanguage":"es"},{"@type":"Organization","@id":"https:\/\/www.pkf-attest.es\/tecnologia\/#organization","name":"PKF Attest Tecnologia","url":"https:\/\/www.pkf-attest.es\/tecnologia\/","logo":{"@type":"ImageObject","inLanguage":"es","@id":"https:\/\/www.pkf-attest.es\/tecnologia\/#\/schema\/logo\/image\/","url":"https:\/\/www.pkf-attest.es\/tecnologia\/wp-content\/uploads\/sites\/2\/2023\/12\/Logotipo_PKF-Attest-675x675-1.jpg","contentUrl":"https:\/\/www.pkf-attest.es\/tecnologia\/wp-content\/uploads\/sites\/2\/2023\/12\/Logotipo_PKF-Attest-675x675-1.jpg","width":675,"height":675,"caption":"PKF Attest Tecnologia"},"image":{"@id":"https:\/\/www.pkf-attest.es\/tecnologia\/#\/schema\/logo\/image\/"}}]}},"_links":{"self":[{"href":"https:\/\/www.pkf-attest.es\/tecnologia\/wp-json\/wp\/v2\/novedades-itc\/18793","targetHints":{"allow":["GET"]}}],"collection":[{"href":"https:\/\/www.pkf-attest.es\/tecnologia\/wp-json\/wp\/v2\/novedades-itc"}],"about":[{"href":"https:\/\/www.pkf-attest.es\/tecnologia\/wp-json\/wp\/v2\/types\/novedades-itc"}],"wp:featuredmedia":[{"embeddable":true,"href":"https:\/\/www.pkf-attest.es\/tecnologia\/wp-json\/wp\/v2\/media\/18795"}],"wp:attachment":[{"href":"https:\/\/www.pkf-attest.es\/tecnologia\/wp-json\/wp\/v2\/media?parent=18793"}],"wp:term":[{"taxonomy":"category","embeddable":true,"href":"https:\/\/www.pkf-attest.es\/tecnologia\/wp-json\/wp\/v2\/categories?post=18793"},{"taxonomy":"post_tag","embeddable":true,"href":"https:\/\/www.pkf-attest.es\/tecnologia\/wp-json\/wp\/v2\/tags?post=18793"},{"taxonomy":"novedades_itc","embeddable":true,"href":"https:\/\/www.pkf-attest.es\/tecnologia\/wp-json\/wp\/v2\/novedades_itc?post=18793"}],"curies":[{"name":"wp","href":"https:\/\/api.w.org\/{rel}","templated":true}]}}