{"id":9907,"date":"2023-09-25T15:59:33","date_gmt":"2023-09-25T15:59:33","guid":{"rendered":"https:\/\/www.pkf-attest.es\/tecnologia\/?post_type=novedades-itc&#038;p=9907"},"modified":"2025-01-31T08:45:33","modified_gmt":"2025-01-31T08:45:33","slug":"mulesoft-faesfarma","status":"publish","type":"novedades-itc","link":"https:\/\/www.pkf-attest.es\/tecnologia\/novedades-itc\/mulesoft-faesfarma\/","title":{"rendered":"Mulesoft, la clave para integrar los sistemas digitales a Faes Farma"},"content":{"rendered":"\n<div class=\"wp-block-genesis-blocks-gb-columns gb-layout-columns-1 one-column\"><div class=\"gb-layout-column-wrap gb-block-layout-column-gap-2 gb-is-responsive-column\">\n<div class=\"wp-block-genesis-blocks-gb-column gb-block-layout-column\"><div class=\"gb-block-layout-column-inner\">\n<h2 class=\"wp-block-heading has-text-color has-link-color wp-elements-2966ad2c3d32d3ec7f2ebc62f832f167\" id=\"h-una-solucion-basada-en-mulesoft-para-integrar-todos-los-sistemas-digitales-de-la-nueva-fabrica-de-faes-farma\" style=\"color:#0f3780;font-size:30px;line-height:1.52\">Una soluci\u00f3n basada en\u00a0Mulesoft para integrar todos los sistemas digitales de la nueva f\u00e1brica de Faes Farma<\/h2>\n\n\n\n<div style=\"height:20px\" aria-hidden=\"true\" class=\"wp-block-spacer\"><\/div>\n\n\n\n<h2 class=\"wp-block-heading has-text-color has-link-color wp-elements-b4ea82ca362448aa211a2a110952db52\" id=\"h-realizamos-el-nbsp-despliegue-de-la-plataforma-mulesoft-y-la-implementacion-de-la-primera-integracion-entre-sap-nbsp-y-el-sistema-de-pesadas\" style=\"color:#0eb4da;font-size:21px\">Realizamos el&nbsp;despliegue de la plataforma Mulesoft y la implementaci\u00f3n de la primera integraci\u00f3n entre SAP&nbsp;y el sistema de pesadas<\/h2>\n\n\n\n<div class=\"wp-block-genesis-blocks-gb-columns gb-layout-columns-2 gb-2-col-equal\"><div class=\"gb-layout-column-wrap gb-block-layout-column-gap-2 gb-is-responsive-column\">\n<div class=\"wp-block-genesis-blocks-gb-column gb-block-layout-column\"><div class=\"gb-block-layout-column-inner\">\n<h2 class=\"wp-block-heading has-text-color has-link-color wp-elements-6622b1b82060f9ccf9f1702c1f7fe06c\" id=\"h-los-retos\" style=\"color:#0f3780;font-size:21px\"><strong>Los retos<\/strong><\/h2>\n\n\n\n<p>El proyecto presenta algunos retos que es importante gestionar muy bien desde el inicio:<\/p>\n\n\n\n<ul style=\"color:#000000;font-size:20px\" class=\"has-text-color has-link-color wp-block-list wp-elements-9c570e10016f36dd8b3bc00cdd9b89e9\">\n<li>Integrar todos los sistemas involucrados en un tiempo record<\/li>\n\n\n\n<li>Gestionar m\u00faltiples sistemas con diferentes proveedores\/interlocutores<\/li>\n\n\n\n<li>Utilizar diferentes tecnolog\u00edas de integraci\u00f3n en funci\u00f3n del sistema destino<\/li>\n\n\n\n<li>Acompasar la implementaci\u00f3n de las interfaces, con la implantaci\u00f3n de cada uno de los sistemas implicados (constantes cambios en los requerimientos de integraci\u00f3n)<\/li>\n\n\n\n<li>Sistemas y procesos sujetos a normativa de validaci\u00f3n<\/li>\n\n\n\n<li>Requerimiento de alta disponibilidad<\/li>\n<\/ul>\n<\/div><\/div>\n\n\n\n<div class=\"wp-block-genesis-blocks-gb-column gb-block-layout-column\"><div class=\"gb-block-layout-column-inner\">\n<figure class=\"wp-block-embed is-type-video is-provider-youtube wp-block-embed-youtube wp-embed-aspect-16-9 wp-has-aspect-ratio\"><div class=\"wp-block-embed__wrapper\">\n<iframe loading=\"lazy\" title=\"PKF Attest proyecto FAES farma\" width=\"500\" height=\"281\" src=\"https:\/\/www.youtube.com\/embed\/omWR9lXdn5A?feature=oembed\" frameborder=\"0\" allow=\"accelerometer; autoplay; clipboard-write; encrypted-media; gyroscope; picture-in-picture; web-share\" referrerpolicy=\"strict-origin-when-cross-origin\" allowfullscreen><\/iframe>\n<\/div><\/figure>\n<\/div><\/div>\n<\/div><\/div>\n\n\n\n<div class=\"wp-block-genesis-blocks-gb-columns gb-layout-columns-1 one-column\"><div class=\"gb-layout-column-wrap gb-block-layout-column-gap-2 gb-is-responsive-column\">\n<div class=\"wp-block-genesis-blocks-gb-column gb-block-layout-column\"><div class=\"gb-block-layout-column-inner\">\n<h2 class=\"wp-block-heading has-text-color has-link-color wp-elements-cc0b2198fd1eec14e47d4be3e6bdcdb7\" id=\"h-la-empresa\" style=\"color:#0f3780;font-size:21px\"><strong>La empresa<\/strong><\/h2>\n\n\n\n<p style=\"font-size:20px\"><strong>Faes Farma<\/strong> es un laboratorio farmac\u00e9utico, de \u00e1mbito internacional, presente en nuestros hogares desde hace m\u00e1s de 90 a\u00f1os. Con 1.700 empleados y una facturaci\u00f3n cercana a los 500M\u20ac, <strong>Faes Farma<\/strong> se define por la b\u00fasqueda inquebrantable de la excelencia y la persecuci\u00f3n de la m\u00e1xima calidad farmacol\u00f3gica.<\/p>\n\n\n\n<p style=\"font-size:20px\">Con el objetivo de ampliar su capacidad industrial, Faes Farma ha realizado una inversi\u00f3n de 170 millones de euros en la <strong>construcci\u00f3n de una nueva planta de producci\u00f3n<\/strong> en Derio (Bizkaia), lo que le permite aumentar de forma significativa las ventas en el mercado nacional, y especialmente en el internacional. La construcci\u00f3n de esta nueva planta ha permitido adem\u00e1s poner en marcha nuevas tecnolog\u00edas de fabricaci\u00f3n, en l\u00ednea con los criterios de la industria farmac\u00e9utica 4.0, lo que le aporta una clara ventaja competitiva en el mercado.<\/p>\n<\/div><\/div>\n<\/div><\/div>\n<\/div><\/div>\n<\/div><\/div>\n\n\n<div class=\"full_width_with_cta_banner\" style=\"background-color:\">  \r\n  <div class=\"full_width_with_cta_banner_container gb-layout-column-wrap gb-block-layout-column-gap-2 gb-is-responsive-column\">\r\n    <div class=\"full_width_with_cta_banner_main\">\r\n      <h3 class=\"full_width_with_cta_banner_title\">\r\n        Una soluci\u00f3n escalable y sostenible       <\/h3>\r\n      <div class=\"full_width_with_cta_banner_text\" >\r\n        Digitalizaci\u00f3n completa de Faes Farma en un clic      <\/div>  \r\n      <div class=\"full_width_with_cta_banner_cta\">\r\n          <a href=\"\" title=\"Quiero una demo\">Quiero una demo<\/a>\r\n      <\/div>\r\n    <\/div>\r\n  <\/div>\r\n<\/div>\r\n\n\n\n<div style=\"height:35px\" aria-hidden=\"true\" class=\"wp-block-spacer\"><\/div>\n\n\n\n<div class=\"wp-block-genesis-blocks-gb-columns gb-layout-columns-1 one-column\"><div class=\"gb-layout-column-wrap gb-block-layout-column-gap-2 gb-is-responsive-column\">\n<div class=\"wp-block-genesis-blocks-gb-column gb-block-layout-column\"><div class=\"gb-block-layout-column-inner\">\n<h2 class=\"wp-block-heading has-text-color has-link-color wp-elements-981ba4778c03fb58b94535a92e2bfb23\" id=\"h-el-proyecto\" style=\"color:#0f3780;font-size:21px\"><strong>El proyecto<\/strong><\/h2>\n\n\n\n<p style=\"font-size:20px\"><strong>Faes Farma<\/strong> es un laboratorio farmac\u00e9utico, de \u00e1mbito internacional, presente en nuestros hogares desde hace m\u00e1s de 90 a\u00f1os. Con 1.700 empleados y una facturaci\u00f3n cercana a los 500M\u20ac, <strong>Faes Farma<\/strong> se define por la b\u00fasqueda inquebrantable de la excelencia y la persecuci\u00f3n de la m\u00e1xima calidad farmacol\u00f3gica.<\/p>\n\n\n\n<p style=\"font-size:20px\">Con el objetivo de ampliar su capacidad industrial, Faes Farma ha realizado una inversi\u00f3n de 170 millones de euros en la <strong>construcci\u00f3n de una nueva planta de producci\u00f3n<\/strong> en Derio (Bizkaia), lo que le permite aumentar de forma significativa las ventas en el mercado nacional, y especialmente en el internacional. La construcci\u00f3n de esta nueva planta ha permitido adem\u00e1s poner en marcha nuevas tecnolog\u00edas de fabricaci\u00f3n, en l\u00ednea con los criterios de la industria farmac\u00e9utica 4.0, lo que le aporta una clara ventaja competitiva en el mercado.<\/p>\n<\/div><\/div>\n<\/div><\/div>\n\n\n\n<div style=\"height:35px\" aria-hidden=\"true\" class=\"wp-block-spacer\"><\/div>\n\n\n\n<div class=\"wp-block-genesis-blocks-gb-columns gb-layout-columns-1 one-column\"><div class=\"gb-layout-column-wrap gb-block-layout-column-gap-2 gb-is-responsive-column\">\n<div class=\"wp-block-genesis-blocks-gb-column gb-block-layout-column\"><div class=\"gb-block-layout-column-inner\">\n<h2 class=\"wp-block-heading has-text-color has-link-color wp-elements-36942220f26551a26534766427fcf1af\" id=\"h-estrategia-aplicada\" style=\"color:#0f3780;font-size:21px\"><strong>Estrategia aplicada<\/strong><\/h2>\n\n\n\n<p style=\"font-size:20px\"><strong>Faes Farma<\/strong> es un laboratorio farmac\u00e9utico, de \u00e1mbito internacional, presente en nuestros hogares desde hace m\u00e1s de 90 a\u00f1os. Con 1.700 empleados y una facturaci\u00f3n cercana a los 500M\u20ac, <strong>Faes Farma<\/strong> se define por la b\u00fasqueda inquebrantable de la excelencia y la persecuci\u00f3n de la m\u00e1xima calidad farmacol\u00f3gica.<\/p>\n\n\n\n<p style=\"font-size:20px\">Con el objetivo de ampliar su capacidad industrial, Faes Farma ha realizado una inversi\u00f3n de 170 millones de euros en la <strong>construcci\u00f3n de una nueva planta de producci\u00f3n<\/strong> en Derio (Bizkaia), lo que le permite aumentar de forma significativa las ventas en el mercado nacional, y especialmente en el internacional. La construcci\u00f3n de esta nueva planta ha permitido adem\u00e1s poner en marcha nuevas tecnolog\u00edas de fabricaci\u00f3n, en l\u00ednea con los criterios de la industria farmac\u00e9utica 4.0, lo que le aporta una clara ventaja competitiva en el mercado.<\/p>\n<\/div><\/div>\n<\/div><\/div>\n\n\n\n<div class=\"wp-block-genesis-blocks-gb-columns gb-layout-columns-1 one-column gb-has-custom-background-color gb-columns-center\" style=\"background-color:#fafafa\"><div class=\"gb-layout-column-wrap gb-block-layout-column-gap-2 gb-is-responsive-column\" style=\"max-width:1200px\">\n<div class=\"wp-block-genesis-blocks-gb-column gb-block-layout-column\"><div class=\"gb-block-layout-column-inner\">  <div class=\"container_news pv0\" style=\"background-color:#fafafa\">\r\n    <div class=\"container_news_container gb-layout-column-wrap gb-block-layout-column-gap-2 gb-is-responsive-column\">\r\n      <div class=\"block_news_title home_title\">\r\n        Salesforce      <\/div>\r\n      <div class=\"block_news_elements slick-slider\">\r\n                      <div class=\"block_news_element block_news_element_evento \" data-id=\"15502\">\r\n                <div class=\"block_news_element_image\">\r\n                  <img loading=\"lazy\" decoding=\"async\" src=\"https:\/\/www.pkf-attest.es\/tecnologia\/wp-content\/uploads\/sites\/2\/2024\/09\/Salesforce-Bilbao-392x222.jpg\" alt=\"Transforma la atenci\u00f3n al cliente y mejora la productividad con Salesforce\" width=\"392\" height=\"222\" \/>\r\n                <\/div>\r\n                <div class=\"block_news_element_content\">\r\n                  <div class=\"block_news_element_tag\">\r\n                    Evento                  <\/div>\r\n                  <h4 class=\"block_news_element_title\">\r\n                    <a href=\"https:\/\/www.pkf-attest.es\/tecnologia\/novedades-itc\/evento-salesforce-cliente-productividad-reduce-costes\/\" title=\"Transforma la atenci\u00f3n al cliente y mejora la productividad con Salesforce\">Transforma la atenci\u00f3n al cliente y mejora la productividad con Salesforce<\/a>\r\n                  <\/h4>\r\n                  <div class=\"block_news_element_cta\">\r\n                    <a href=\"https:\/\/www.pkf-attest.es\/tecnologia\/novedades-itc\/evento-salesforce-cliente-productividad-reduce-costes\/\" title=\"Transforma la atenci\u00f3n al cliente y mejora la productividad con Salesforce\">Leer m\u00e1s<\/a>\r\n                  <\/div>\r\n                <\/div>\r\n              <\/div>\r\n                      <div class=\"block_news_element block_news_element_articulo \" data-id=\"17043\">\r\n                <div class=\"block_news_element_image\">\r\n                  <img loading=\"lazy\" decoding=\"async\" src=\"https:\/\/www.pkf-attest.es\/tecnologia\/wp-content\/uploads\/sites\/2\/2026\/03\/Linkedin-Publicacion-Articulo-12-7-392x222.png\" alt=\"Gu\u00eda de ayudas y subvenciones para la digitalizaci\u00f3n de pymes\" width=\"392\" height=\"222\" \/>\r\n                <\/div>\r\n                <div class=\"block_news_element_content\">\r\n                  <div class=\"block_news_element_tag\">\r\n                    Art\u00edculo                  <\/div>\r\n                  <h4 class=\"block_news_element_title\">\r\n                    <a href=\"https:\/\/www.pkf-attest.es\/tecnologia\/novedades-itc\/guia-subvenciones-digitalizacion-pymes\/\" title=\"Gu\u00eda de ayudas y subvenciones para la digitalizaci\u00f3n de pymes\">Gu\u00eda de ayudas y subvenciones para la digitalizaci\u00f3n de pymes<\/a>\r\n                  <\/h4>\r\n                  <div class=\"block_news_element_cta\">\r\n                    <a href=\"https:\/\/www.pkf-attest.es\/tecnologia\/novedades-itc\/guia-subvenciones-digitalizacion-pymes\/\" title=\"Gu\u00eda de ayudas y subvenciones para la digitalizaci\u00f3n de pymes\">Leer m\u00e1s<\/a>\r\n                  <\/div>\r\n                <\/div>\r\n              <\/div>\r\n                      <div class=\"block_news_element block_news_element_articulo \" data-id=\"19503\">\r\n                <div class=\"block_news_element_image\">\r\n                  <img loading=\"lazy\" decoding=\"async\" src=\"https:\/\/www.pkf-attest.es\/tecnologia\/wp-content\/uploads\/sites\/2\/2026\/01\/f35373f7-c9dc-4ba1-9061-2d24265ff5dd_16-9-discover-aspect-ratio_default_0-392x222.jpg\" alt=\"PKF Attest aumenta su divisi\u00f3n de consultor\u00eda tecnol\u00f3gica con las integraciones de las consultor\u00edas Heroforge y Czentric\" width=\"392\" height=\"222\" \/>\r\n                <\/div>\r\n                <div class=\"block_news_element_content\">\r\n                  <div class=\"block_news_element_tag\">\r\n                    Art\u00edculo                  <\/div>\r\n                  <h4 class=\"block_news_element_title\">\r\n                    <a href=\"https:\/\/www.pkf-attest.es\/tecnologia\/novedades-itc\/heroforge-y-czentric\/\" title=\"PKF Attest aumenta su divisi\u00f3n de consultor\u00eda tecnol\u00f3gica con las integraciones de las consultor\u00edas Heroforge y Czentric\">PKF Attest aumenta su divisi\u00f3n de consultor\u00eda tecnol\u00f3gica con las integraciones de las consultor\u00edas Heroforge y Czentric<\/a>\r\n                  <\/h4>\r\n                  <div class=\"block_news_element_cta\">\r\n                    <a href=\"https:\/\/www.pkf-attest.es\/tecnologia\/novedades-itc\/heroforge-y-czentric\/\" title=\"PKF Attest aumenta su divisi\u00f3n de consultor\u00eda tecnol\u00f3gica con las integraciones de las consultor\u00edas Heroforge y Czentric\">Leer m\u00e1s<\/a>\r\n                  <\/div>\r\n                <\/div>\r\n              <\/div>\r\n                      <div class=\"block_news_element block_news_element_articulo \" data-id=\"17293\">\r\n                <div class=\"block_news_element_image\">\r\n                  <img loading=\"lazy\" decoding=\"async\" src=\"https:\/\/www.pkf-attest.es\/tecnologia\/wp-content\/uploads\/sites\/2\/2025\/03\/Group-150-5-392x222.png\" alt=\"PKF Attest alcanza el nivel Summit\u00a0Partner\u00a0en Salesforce 2025\" width=\"392\" height=\"222\" \/>\r\n                <\/div>\r\n                <div class=\"block_news_element_content\">\r\n                  <div class=\"block_news_element_tag\">\r\n                    Art\u00edculo                  <\/div>\r\n                  <h4 class=\"block_news_element_title\">\r\n                    <a href=\"https:\/\/www.pkf-attest.es\/tecnologia\/novedades-itc\/summit-partner-salesforce\/\" title=\"PKF Attest alcanza el nivel Summit\u00a0Partner\u00a0en Salesforce 2025\">PKF Attest alcanza el nivel Summit\u00a0Partner\u00a0en Salesforce 2025<\/a>\r\n                  <\/h4>\r\n                  <div class=\"block_news_element_cta\">\r\n                    <a href=\"https:\/\/www.pkf-attest.es\/tecnologia\/novedades-itc\/summit-partner-salesforce\/\" title=\"PKF Attest alcanza el nivel Summit\u00a0Partner\u00a0en Salesforce 2025\">Leer m\u00e1s<\/a>\r\n                  <\/div>\r\n                <\/div>\r\n              <\/div>\r\n                      <div class=\"block_news_element block_news_element_articulo \" data-id=\"16753\">\r\n                <div class=\"block_news_element_image\">\r\n                  <img loading=\"lazy\" decoding=\"async\" src=\"https:\/\/www.pkf-attest.es\/tecnologia\/wp-content\/uploads\/sites\/2\/2024\/12\/tableau-pulse-392x222.jpg\" alt=\"Tableau Pulse: Nueva experiencia de datos con inteligencia artificial\" width=\"392\" height=\"222\" \/>\r\n                <\/div>\r\n                <div class=\"block_news_element_content\">\r\n                  <div class=\"block_news_element_tag\">\r\n                    Art\u00edculo                  <\/div>\r\n                  <h4 class=\"block_news_element_title\">\r\n                    <a href=\"https:\/\/www.pkf-attest.es\/tecnologia\/novedades-itc\/tableau-pulse-inteligencia-artificial\/\" title=\"Tableau Pulse: Nueva experiencia de datos con inteligencia artificial\">Tableau Pulse: Nueva experiencia de datos con inteligencia artificial<\/a>\r\n                  <\/h4>\r\n                  <div class=\"block_news_element_cta\">\r\n                    <a href=\"https:\/\/www.pkf-attest.es\/tecnologia\/novedades-itc\/tableau-pulse-inteligencia-artificial\/\" title=\"Tableau Pulse: Nueva experiencia de datos con inteligencia artificial\">Leer m\u00e1s<\/a>\r\n                  <\/div>\r\n                <\/div>\r\n              <\/div>\r\n                      <div class=\"block_news_element block_news_element_articulo block_news_element_square\" data-id=\"15676\">\r\n                <div class=\"block_news_element_image\">\r\n                  <img loading=\"lazy\" decoding=\"async\" src=\"https:\/\/www.pkf-attest.es\/tecnologia\/wp-content\/uploads\/sites\/2\/2024\/10\/Group-14-1-min-392x222.png\" alt=\"Winter\u201925 Salesforce: Flujos y novedades en la automatizaci\u00f3n de procesos \u00a0\u00a0\" width=\"392\" height=\"222\" \/>\r\n                <\/div>\r\n                <div class=\"block_news_element_content\">\r\n                  <div class=\"block_news_element_tag\">\r\n                    Art\u00edculo                  <\/div>\r\n                  <h4 class=\"block_news_element_title\">\r\n                    <a href=\"https:\/\/www.pkf-attest.es\/tecnologia\/novedades-itc\/winter25-salesforce-novedades-flujos-automatizacion\/\" title=\"Winter\u201925 Salesforce: Flujos y novedades en la automatizaci\u00f3n de procesos \u00a0\u00a0\">Winter\u201925 Salesforce: Flujos y novedades en la automatizaci\u00f3n de procesos \u00a0\u00a0<\/a>\r\n                  <\/h4>\r\n                  <div class=\"block_news_element_cta\">\r\n                    <a href=\"https:\/\/www.pkf-attest.es\/tecnologia\/novedades-itc\/winter25-salesforce-novedades-flujos-automatizacion\/\" title=\"Winter\u201925 Salesforce: Flujos y novedades en la automatizaci\u00f3n de procesos \u00a0\u00a0\">Leer m\u00e1s<\/a>\r\n                  <\/div>\r\n                <\/div>\r\n              <\/div>\r\n              <\/div>\r\n    <\/div>\r\n  <\/div>\r\n  <\/div>\r\n<\/div><\/div>\n<\/div><\/div>\n","protected":false},"featured_media":10188,"template":"","categories":[],"tags":[136,95,93],"novedades_itc":[],"class_list":{"0":"post-9907","1":"novedades-itc","2":"type-novedades-itc","3":"status-publish","4":"has-post-thumbnail","6":"tag-caso_exito","7":"tag-crm","8":"tag-salesforce","9":"entry"},"acf":[],"yoast_head":"<!-- This site is optimized with the Yoast SEO Premium plugin v27.3 (Yoast SEO v27.3) - https:\/\/yoast.com\/product\/yoast-seo-premium-wordpress\/ -->\n<title>Mulesoft, la clave para integrar los sistemas digitales a Faes Farma<\/title>\n<meta name=\"description\" content=\"Con esa meta, iniciamos un proyecto para la implantaci\u00f3n de la plataforma Mulesoft como estrategia global de integraci\u00f3n dentro de Faes Farma, acompa\u00f1ando al equipo interno de IT en el proceso de adopci\u00f3n de la herramienta.\" \/>\n<meta name=\"robots\" content=\"index, follow, max-snippet:-1, max-image-preview:large, max-video-preview:-1\" \/>\n<link rel=\"canonical\" href=\"https:\/\/www.pkf-attest.es\/tecnologia\/novedades-itc\/mulesoft-faesfarma\/\" \/>\n<meta property=\"og:locale\" content=\"es_ES\" \/>\n<meta property=\"og:type\" content=\"article\" \/>\n<meta property=\"og:title\" content=\"Mulesoft, la clave para integrar los sistemas digitales a Faes Farma\" \/>\n<meta property=\"og:description\" content=\"Con esa meta, iniciamos un proyecto para la implantaci\u00f3n de la plataforma Mulesoft como estrategia global de integraci\u00f3n dentro de Faes Farma, acompa\u00f1ando al equipo interno de IT en el proceso de adopci\u00f3n de la herramienta.\" \/>\n<meta property=\"og:url\" content=\"https:\/\/www.pkf-attest.es\/tecnologia\/novedades-itc\/mulesoft-faesfarma\/\" \/>\n<meta property=\"og:site_name\" content=\"PKF Attest Tecnologia\" \/>\n<meta property=\"article:modified_time\" content=\"2025-01-31T08:45:33+00:00\" \/>\n<meta property=\"og:image\" content=\"https:\/\/www.pkf-attest.es\/tecnologia\/wp-content\/uploads\/sites\/2\/2023\/09\/faes-farma-e1712924931998.png\" \/>\n\t<meta property=\"og:image:width\" content=\"400\" \/>\n\t<meta property=\"og:image:height\" content=\"218\" \/>\n\t<meta property=\"og:image:type\" content=\"image\/png\" \/>\n<meta name=\"twitter:card\" content=\"summary_large_image\" \/>\n<meta name=\"twitter:label1\" content=\"Tiempo de lectura\" \/>\n\t<meta name=\"twitter:data1\" content=\"3 minutos\" \/>\n<script type=\"application\/ld+json\" class=\"yoast-schema-graph\">{\"@context\":\"https:\\\/\\\/schema.org\",\"@graph\":[{\"@type\":\"WebPage\",\"@id\":\"https:\\\/\\\/www.pkf-attest.es\\\/tecnologia\\\/novedades-itc\\\/mulesoft-faesfarma\\\/\",\"url\":\"https:\\\/\\\/www.pkf-attest.es\\\/tecnologia\\\/novedades-itc\\\/mulesoft-faesfarma\\\/\",\"name\":\"Mulesoft, la clave para integrar los sistemas digitales a Faes Farma\",\"isPartOf\":{\"@id\":\"https:\\\/\\\/www.pkf-attest.es\\\/tecnologia\\\/#website\"},\"primaryImageOfPage\":{\"@id\":\"https:\\\/\\\/www.pkf-attest.es\\\/tecnologia\\\/novedades-itc\\\/mulesoft-faesfarma\\\/#primaryimage\"},\"image\":{\"@id\":\"https:\\\/\\\/www.pkf-attest.es\\\/tecnologia\\\/novedades-itc\\\/mulesoft-faesfarma\\\/#primaryimage\"},\"thumbnailUrl\":\"https:\\\/\\\/www.pkf-attest.es\\\/tecnologia\\\/wp-content\\\/uploads\\\/sites\\\/2\\\/2023\\\/09\\\/faes-farma-e1712924931998.png\",\"datePublished\":\"2023-09-25T15:59:33+00:00\",\"dateModified\":\"2025-01-31T08:45:33+00:00\",\"description\":\"Con esa meta, iniciamos un proyecto para la implantaci\u00f3n de la plataforma Mulesoft como estrategia global de integraci\u00f3n dentro de Faes Farma, acompa\u00f1ando al equipo interno de IT en el proceso de adopci\u00f3n de la herramienta.\",\"breadcrumb\":{\"@id\":\"https:\\\/\\\/www.pkf-attest.es\\\/tecnologia\\\/novedades-itc\\\/mulesoft-faesfarma\\\/#breadcrumb\"},\"inLanguage\":\"es\",\"potentialAction\":[{\"@type\":\"ReadAction\",\"target\":[\"https:\\\/\\\/www.pkf-attest.es\\\/tecnologia\\\/novedades-itc\\\/mulesoft-faesfarma\\\/\"]}]},{\"@type\":\"ImageObject\",\"inLanguage\":\"es\",\"@id\":\"https:\\\/\\\/www.pkf-attest.es\\\/tecnologia\\\/novedades-itc\\\/mulesoft-faesfarma\\\/#primaryimage\",\"url\":\"https:\\\/\\\/www.pkf-attest.es\\\/tecnologia\\\/wp-content\\\/uploads\\\/sites\\\/2\\\/2023\\\/09\\\/faes-farma-e1712924931998.png\",\"contentUrl\":\"https:\\\/\\\/www.pkf-attest.es\\\/tecnologia\\\/wp-content\\\/uploads\\\/sites\\\/2\\\/2023\\\/09\\\/faes-farma-e1712924931998.png\",\"width\":400,\"height\":218,\"caption\":\"faesfarmaa\"},{\"@type\":\"BreadcrumbList\",\"@id\":\"https:\\\/\\\/www.pkf-attest.es\\\/tecnologia\\\/novedades-itc\\\/mulesoft-faesfarma\\\/#breadcrumb\",\"itemListElement\":[{\"@type\":\"ListItem\",\"position\":1,\"name\":\"Portada\",\"item\":\"https:\\\/\\\/www.pkf-attest.es\\\/tecnologia\\\/\"},{\"@type\":\"ListItem\",\"position\":2,\"name\":\"Mulesoft, la clave para integrar los sistemas digitales a Faes Farma\"}]},{\"@type\":\"WebSite\",\"@id\":\"https:\\\/\\\/www.pkf-attest.es\\\/tecnologia\\\/#website\",\"url\":\"https:\\\/\\\/www.pkf-attest.es\\\/tecnologia\\\/\",\"name\":\"PKF Attest Tecnologia\",\"description\":\"PKF Attest Tecnologia\",\"publisher\":{\"@id\":\"https:\\\/\\\/www.pkf-attest.es\\\/tecnologia\\\/#organization\"},\"potentialAction\":[{\"@type\":\"SearchAction\",\"target\":{\"@type\":\"EntryPoint\",\"urlTemplate\":\"https:\\\/\\\/www.pkf-attest.es\\\/tecnologia\\\/?s={search_term_string}\"},\"query-input\":{\"@type\":\"PropertyValueSpecification\",\"valueRequired\":true,\"valueName\":\"search_term_string\"}}],\"inLanguage\":\"es\"},{\"@type\":\"Organization\",\"@id\":\"https:\\\/\\\/www.pkf-attest.es\\\/tecnologia\\\/#organization\",\"name\":\"PKF Attest Tecnologia\",\"url\":\"https:\\\/\\\/www.pkf-attest.es\\\/tecnologia\\\/\",\"logo\":{\"@type\":\"ImageObject\",\"inLanguage\":\"es\",\"@id\":\"https:\\\/\\\/www.pkf-attest.es\\\/tecnologia\\\/#\\\/schema\\\/logo\\\/image\\\/\",\"url\":\"https:\\\/\\\/www.pkf-attest.es\\\/tecnologia\\\/wp-content\\\/uploads\\\/sites\\\/2\\\/2023\\\/12\\\/Logotipo_PKF-Attest-675x675-1.jpg\",\"contentUrl\":\"https:\\\/\\\/www.pkf-attest.es\\\/tecnologia\\\/wp-content\\\/uploads\\\/sites\\\/2\\\/2023\\\/12\\\/Logotipo_PKF-Attest-675x675-1.jpg\",\"width\":675,\"height\":675,\"caption\":\"PKF Attest Tecnologia\"},\"image\":{\"@id\":\"https:\\\/\\\/www.pkf-attest.es\\\/tecnologia\\\/#\\\/schema\\\/logo\\\/image\\\/\"}}]}<\/script>\n<!-- \/ Yoast SEO Premium plugin. -->","yoast_head_json":{"title":"Mulesoft, la clave para integrar los sistemas digitales a Faes Farma","description":"Con esa meta, iniciamos un proyecto para la implantaci\u00f3n de la plataforma Mulesoft como estrategia global de integraci\u00f3n dentro de Faes Farma, acompa\u00f1ando al equipo interno de IT en el proceso de adopci\u00f3n de la herramienta.","robots":{"index":"index","follow":"follow","max-snippet":"max-snippet:-1","max-image-preview":"max-image-preview:large","max-video-preview":"max-video-preview:-1"},"canonical":"https:\/\/www.pkf-attest.es\/tecnologia\/novedades-itc\/mulesoft-faesfarma\/","og_locale":"es_ES","og_type":"article","og_title":"Mulesoft, la clave para integrar los sistemas digitales a Faes Farma","og_description":"Con esa meta, iniciamos un proyecto para la implantaci\u00f3n de la plataforma Mulesoft como estrategia global de integraci\u00f3n dentro de Faes Farma, acompa\u00f1ando al equipo interno de IT en el proceso de adopci\u00f3n de la herramienta.","og_url":"https:\/\/www.pkf-attest.es\/tecnologia\/novedades-itc\/mulesoft-faesfarma\/","og_site_name":"PKF Attest Tecnologia","article_modified_time":"2025-01-31T08:45:33+00:00","og_image":[{"width":400,"height":218,"url":"https:\/\/www.pkf-attest.es\/tecnologia\/wp-content\/uploads\/sites\/2\/2023\/09\/faes-farma-e1712924931998.png","type":"image\/png"}],"twitter_card":"summary_large_image","twitter_misc":{"Tiempo de lectura":"3 minutos"},"schema":{"@context":"https:\/\/schema.org","@graph":[{"@type":"WebPage","@id":"https:\/\/www.pkf-attest.es\/tecnologia\/novedades-itc\/mulesoft-faesfarma\/","url":"https:\/\/www.pkf-attest.es\/tecnologia\/novedades-itc\/mulesoft-faesfarma\/","name":"Mulesoft, la clave para integrar los sistemas digitales a Faes Farma","isPartOf":{"@id":"https:\/\/www.pkf-attest.es\/tecnologia\/#website"},"primaryImageOfPage":{"@id":"https:\/\/www.pkf-attest.es\/tecnologia\/novedades-itc\/mulesoft-faesfarma\/#primaryimage"},"image":{"@id":"https:\/\/www.pkf-attest.es\/tecnologia\/novedades-itc\/mulesoft-faesfarma\/#primaryimage"},"thumbnailUrl":"https:\/\/www.pkf-attest.es\/tecnologia\/wp-content\/uploads\/sites\/2\/2023\/09\/faes-farma-e1712924931998.png","datePublished":"2023-09-25T15:59:33+00:00","dateModified":"2025-01-31T08:45:33+00:00","description":"Con esa meta, iniciamos un proyecto para la implantaci\u00f3n de la plataforma Mulesoft como estrategia global de integraci\u00f3n dentro de Faes Farma, acompa\u00f1ando al equipo interno de IT en el proceso de adopci\u00f3n de la herramienta.","breadcrumb":{"@id":"https:\/\/www.pkf-attest.es\/tecnologia\/novedades-itc\/mulesoft-faesfarma\/#breadcrumb"},"inLanguage":"es","potentialAction":[{"@type":"ReadAction","target":["https:\/\/www.pkf-attest.es\/tecnologia\/novedades-itc\/mulesoft-faesfarma\/"]}]},{"@type":"ImageObject","inLanguage":"es","@id":"https:\/\/www.pkf-attest.es\/tecnologia\/novedades-itc\/mulesoft-faesfarma\/#primaryimage","url":"https:\/\/www.pkf-attest.es\/tecnologia\/wp-content\/uploads\/sites\/2\/2023\/09\/faes-farma-e1712924931998.png","contentUrl":"https:\/\/www.pkf-attest.es\/tecnologia\/wp-content\/uploads\/sites\/2\/2023\/09\/faes-farma-e1712924931998.png","width":400,"height":218,"caption":"faesfarmaa"},{"@type":"BreadcrumbList","@id":"https:\/\/www.pkf-attest.es\/tecnologia\/novedades-itc\/mulesoft-faesfarma\/#breadcrumb","itemListElement":[{"@type":"ListItem","position":1,"name":"Portada","item":"https:\/\/www.pkf-attest.es\/tecnologia\/"},{"@type":"ListItem","position":2,"name":"Mulesoft, la clave para integrar los sistemas digitales a Faes Farma"}]},{"@type":"WebSite","@id":"https:\/\/www.pkf-attest.es\/tecnologia\/#website","url":"https:\/\/www.pkf-attest.es\/tecnologia\/","name":"PKF Attest Tecnologia","description":"PKF Attest Tecnologia","publisher":{"@id":"https:\/\/www.pkf-attest.es\/tecnologia\/#organization"},"potentialAction":[{"@type":"SearchAction","target":{"@type":"EntryPoint","urlTemplate":"https:\/\/www.pkf-attest.es\/tecnologia\/?s={search_term_string}"},"query-input":{"@type":"PropertyValueSpecification","valueRequired":true,"valueName":"search_term_string"}}],"inLanguage":"es"},{"@type":"Organization","@id":"https:\/\/www.pkf-attest.es\/tecnologia\/#organization","name":"PKF Attest Tecnologia","url":"https:\/\/www.pkf-attest.es\/tecnologia\/","logo":{"@type":"ImageObject","inLanguage":"es","@id":"https:\/\/www.pkf-attest.es\/tecnologia\/#\/schema\/logo\/image\/","url":"https:\/\/www.pkf-attest.es\/tecnologia\/wp-content\/uploads\/sites\/2\/2023\/12\/Logotipo_PKF-Attest-675x675-1.jpg","contentUrl":"https:\/\/www.pkf-attest.es\/tecnologia\/wp-content\/uploads\/sites\/2\/2023\/12\/Logotipo_PKF-Attest-675x675-1.jpg","width":675,"height":675,"caption":"PKF Attest Tecnologia"},"image":{"@id":"https:\/\/www.pkf-attest.es\/tecnologia\/#\/schema\/logo\/image\/"}}]}},"_links":{"self":[{"href":"https:\/\/www.pkf-attest.es\/tecnologia\/wp-json\/wp\/v2\/novedades-itc\/9907","targetHints":{"allow":["GET"]}}],"collection":[{"href":"https:\/\/www.pkf-attest.es\/tecnologia\/wp-json\/wp\/v2\/novedades-itc"}],"about":[{"href":"https:\/\/www.pkf-attest.es\/tecnologia\/wp-json\/wp\/v2\/types\/novedades-itc"}],"wp:featuredmedia":[{"embeddable":true,"href":"https:\/\/www.pkf-attest.es\/tecnologia\/wp-json\/wp\/v2\/media\/10188"}],"wp:attachment":[{"href":"https:\/\/www.pkf-attest.es\/tecnologia\/wp-json\/wp\/v2\/media?parent=9907"}],"wp:term":[{"taxonomy":"category","embeddable":true,"href":"https:\/\/www.pkf-attest.es\/tecnologia\/wp-json\/wp\/v2\/categories?post=9907"},{"taxonomy":"post_tag","embeddable":true,"href":"https:\/\/www.pkf-attest.es\/tecnologia\/wp-json\/wp\/v2\/tags?post=9907"},{"taxonomy":"novedades_itc","embeddable":true,"href":"https:\/\/www.pkf-attest.es\/tecnologia\/wp-json\/wp\/v2\/novedades_itc?post=9907"}],"curies":[{"name":"wp","href":"https:\/\/api.w.org\/{rel}","templated":true}]}}